{"id":5424,"date":"2021-07-07T16:23:35","date_gmt":"2021-07-07T14:23:35","guid":{"rendered":"https:\/\/www.slovokult-literatur.de\/?page_id=5424"},"modified":"2021-07-07T18:35:06","modified_gmt":"2021-07-07T16:35:06","slug":"marija-dejanovic-michaela-strumberger","status":"publish","type":"page","link":"https:\/\/www.slovokult-literatur.de\/index.php\/gedicht-und-gebilde-3\/marija-dejanovic-michaela-strumberger\/","title":{"rendered":"::52:: Marija Dejanovi\u0107 :: Michaela Strumberger"},"content":{"rendered":"\n<h3 class=\"wp-block-heading\">:: Gedicht und Gebilde :: 3 ::<\/h3>\n\n\n\n<p><strong><a href=\"https:\/\/www.slovokult-literatur.de\/index.php\/gedicht-und-bild\/\">:: 01-20<\/a>&nbsp;<a href=\"https:\/\/www.slovokult-literatur.de\/index.php\/gedicht-und-bild\/2x20\/\">:: 21-40 ::<\/a>&nbsp;<a href=\"https:\/\/www.slovokult-literatur.de\/index.php\/gedicht-und-gebilde-3\/\">41-60::&nbsp;<\/a><\/strong><\/p>\n\n\n\n<h4 class=\"wp-block-heading\">:: 52 :: Marija Dejanovi\u0107 :: Michaela Strumberger<\/h4>\n\n\n<p><\/p>\n<p><strong>Die Zeit der langen Erholung<\/strong><\/p>\n\n\n<\/p>\n<p><em>ENGLISH :: below :: <a href=\"http:\/\/www.slovokult.eu\/index.php\/stihotvorba-i-slika\/marija-dejanovic-michaela-strumberger\/\"><strong>MK<\/strong><\/a> :: <a href=\"http:\/\/www.slovokult.eu\/index.php\/stihotvorba-i-slika\/marija-dejanovic-michaela-strumberger\/hr-vrijeme-dugog-oporavka\/\"><strong>HR<\/strong><\/a> ::<\/em><\/p>\n<p>\u00a0<\/p>\n<p>\n\n\n<p>\u00a0<\/p>\n<p class=\"has-normal-font-size\">Wir sind in das Alter gekommen, wo die Reife<\/p>\n<p class=\"has-normal-font-size\">keinen Bezug zum Alter hat:<\/p>\n<p class=\"has-normal-font-size\">die V\u00f6gel verst\u00e4ndigen sich, indem sie<\/p>\n<p class=\"has-normal-font-size\">durch ihre Bewegung die Umlaufbahn\u00a0<\/p>\n<p class=\"has-normal-font-size\">der Himmelsk\u00f6rper nachahmen.\u00a0<\/p>\n<p class=\"has-normal-font-size\">Die Fr\u00f6sche treiben auf den Seen,<\/p>\n<p class=\"has-normal-font-size\">indem sie ihre sanften Halsmembranen<\/p>\n<p class=\"has-normal-font-size\">als Segel benutzen.<\/p>\n<p class=\"has-normal-font-size\">Die sieben Tage Einsamkeit verliefen wie folgt:<\/p>\n<p><!-- \/wp:paragraph --><\/p>\n<p><!-- \/wp:paragraph --><br \/><!-- wp:paragraph {\"fontSize\":\"normal\"} --><\/p>\n<p>\u00a0<\/p>\n<p><!-- \/wp:group --><\/p>\n<p><!-- wp:paragraph {\"fontSize\":\"normal\"} --><\/p>\n<p class=\"has-normal-font-size\">Am ersten Tag begriff ich nicht einmal,<\/p>\n<p class=\"has-normal-font-size\">dass ich alleine bin.<\/p>\n<p><!-- \/wp:paragraph --><br \/><!-- wp:paragraph {\"fontSize\":\"normal\"} --><\/p>\n<p><!-- \/wp:paragraph --><\/p>\n<p><!-- wp:paragraph {\"fontSize\":\"normal\"} --><\/p>\n<p class=\"has-normal-font-size\">Am zweiten Tag war der Alltag<\/p>\n<p class=\"has-normal-font-size\">wie gew\u00f6hnlich.<\/p>\n<p class=\"has-normal-font-size\">Ich a\u00df nichts<\/p>\n<p class=\"has-normal-font-size\">und schlief wenig,<\/p>\n<p class=\"has-normal-font-size\">kochte aus deinem Hemd eine Suppe<\/p>\n<p class=\"has-normal-font-size\">f\u00fcr den Fall, dass ein Gast an der T\u00fcr klopfen w\u00fcrde.<\/p>\n<p class=\"has-normal-font-size\">Am Ende putzte ich damit die Fenster,<\/p>\n<p class=\"has-normal-font-size\">besser so, als eine Beleidigung Richtung T\u00fcr zu werfen,<\/p>\n<p class=\"has-normal-font-size\">die T\u00fcr, durch die keiner hindurchgeht, weil ich es verbot,<\/p>\n<p class=\"has-normal-font-size\">die T\u00fcr, die verschlossen ist,<\/p>\n<p class=\"has-normal-font-size\">eingen\u00e4ht in der warmen Wand meines Magens,<\/p>\n<p class=\"has-normal-font-size\">verschlucktes Haus des Igels.<\/p>\n<p><!-- \/wp:paragraph --><br \/><!-- wp:paragraph {\"fontSize\":\"normal\"} --><\/p>\n<p><!-- \/wp:paragraph --><br \/><!-- wp:paragraph {\"fontSize\":\"normal\"} --><\/p>\n<p class=\"has-normal-font-size\">Am dritten Tag begriff ich, dass ich alleine bin.<\/p>\n<p><!-- \/wp:paragraph --><\/p>\n<p><!-- wp:paragraph {\"fontSize\":\"normal\"} --><\/p>\n<p class=\"has-normal-font-size\">Die Fische erschraken und versammelten sich zu einem Schwarm.\u00a0<\/p>\n<p><!-- \/wp:paragraph --><\/p>\n<p><!-- wp:paragraph {\"fontSize\":\"normal\"} --><\/p>\n<p class=\"has-normal-font-size\">Hielten eine Sitzung, wo sie sich entschieden,<\/p>\n<p><!-- \/wp:paragraph --><\/p>\n<p><!-- wp:paragraph {\"fontSize\":\"normal\"} --><\/p>\n<p class=\"has-normal-font-size\">ab morgen als silberne Flederm\u00e4use zu leben.<\/p>\n<p><!-- \/wp:paragraph --><\/p>\n<p><!-- wp:paragraph {\"fontSize\":\"normal\"} --><\/p>\n<p class=\"has-normal-font-size\">Sie werden zum Licht fliegen, die Augen schlie\u00dfen<\/p>\n<p><!-- \/wp:paragraph --><\/p>\n<p><!-- wp:paragraph {\"fontSize\":\"normal\"} --><\/p>\n<p class=\"has-normal-font-size\">und die Tage mit den Sensoren in ihrem Hals z\u00e4hlen.<\/p>\n<p><!-- \/wp:paragraph --><\/p>\n<p><!-- wp:paragraph {\"fontSize\":\"normal\"} --><\/p>\n<p class=\"has-normal-font-size\">Ich entschied mich, alleine zu bleiben<\/p>\n<p><!-- \/wp:paragraph --><\/p>\n<p><!-- wp:paragraph {\"fontSize\":\"normal\"} --><\/p>\n<p class=\"has-normal-font-size\">und meinen neuen Zustand zu umarmen<\/p>\n<p><!-- \/wp:paragraph --><\/p>\n<p><!-- wp:paragraph {\"fontSize\":\"normal\"} --><\/p>\n<p class=\"has-normal-font-size\">wie die Zeit meiner langen Erholung.<\/p>\n<p><!-- \/wp:paragraph --><\/p>\n<p><!-- \/wp:group --><\/p>\n<p><!-- \/wp:group --><\/p>\n<p><!-- wp:image {\"id\":5425,\"sizeSlug\":\"medium\",\"linkDestination\":\"media\"} --><\/p>\n<figure class=\"wp-block-image size-medium\">\n<figcaption><\/figcaption>\n<!-- \/wp:paragraph --><!-- wp:paragraph {\"fontSize\":\"normal\"} --><\/figure>\n<p><!-- \/wp:image --><\/p>\n<p><!-- wp:paragraph --><\/p>\n<p>An den vierten Tag erinnere ich mich nicht.<\/p>\n<p><!-- wp:paragraph {\"fontSize\":\"normal\"} --><\/p>\n<p><!-- wp:paragraph --><\/p>\n<p><!-- \/wp:paragraph --><\/p>\n<p>An den f\u00fcnften Tag erinnere ich mich gut,<\/p>\n<p>aber ich w\u00fcrde lieber nicht dar\u00fcber reden.<\/p>\n<p><!-- wp:paragraph {\"fontSize\":\"normal\"} --><\/p>\n<p><!-- wp:paragraph --><\/p>\n<p><!-- \/wp:paragraph --><\/p>\n<p><!-- \/wp:paragraph --><\/p>\n<p><!-- \/wp:paragraph --><br \/><!-- wp:paragraph {\"fontSize\":\"normal\"} --><\/p>\n<p>Am sechsten Tag entschied ich:<\/p>\n<p>ich werde alleine sein.<\/p>\n<p><!-- \/wp:paragraph --><\/p>\n<p><!-- \/wp:paragraph --><br \/><!-- wp:paragraph {\"fontSize\":\"normal\"} --><\/p>\n<p>Und tats\u00e4chlich, am siebten Tag.<\/p>\n<p>Als knackte Eis in meinen Knien,\u00a0<\/p>\n<p>in meinen Danksagungen,<\/p>\n<p>in den Gliedern der mich-Spinne,<\/p>\n<p>die einem Hund \u00e4hnelt,<\/p>\n<p>in den Z\u00e4hnen des mich-Fuchses<\/p>\n<p>der einem Wolf \u00e4hnelt.<!-- \/wp:paragraph --><!-- wp:paragraph {\"fontSize\":\"normal\"} --><\/p>\n<p>\u00a0<\/p>\n<p><!-- wp:paragraph --><\/p>\n<p><!-- \/wp:paragraph --><\/p>\n<p><!-- \/wp:paragraph --><\/p>\n<p>Aus dem Kroatischen von :: <strong>Elizabeta Lindner<\/strong><\/p>\n<p><!-- \/wp:paragraph --><\/p>\n<p><!-- wp:image {\"id\":5425,\"linkDestination\":\"custom\"} --><\/p>\n<figure class=\"wp-block-image\"><a href=\"https:\/\/www.slovokult-literatur.de\/wp-content\/uploads\/2021\/07\/Altar00_0299-scaled.jpg\"><img decoding=\"async\" loading=\"lazy\" width=\"300\" height=\"271\" class=\"wp-image-5425 alignnone\" src=\"https:\/\/www.slovokult-literatur.de\/wp-content\/uploads\/2021\/07\/Altar00_0299-300x271.jpg\" alt=\"\" srcset=\"https:\/\/www.slovokult-literatur.de\/wp-content\/uploads\/2021\/07\/Altar00_0299-300x271.jpg 300w, https:\/\/www.slovokult-literatur.de\/wp-content\/uploads\/2021\/07\/Altar00_0299-1024x926.jpg 1024w, https:\/\/www.slovokult-literatur.de\/wp-content\/uploads\/2021\/07\/Altar00_0299-768x695.jpg 768w, https:\/\/www.slovokult-literatur.de\/wp-content\/uploads\/2021\/07\/Altar00_0299-1536x1389.jpg 1536w, https:\/\/www.slovokult-literatur.de\/wp-content\/uploads\/2021\/07\/Altar00_0299-2048x1852.jpg 2048w, https:\/\/www.slovokult-literatur.de\/wp-content\/uploads\/2021\/07\/Altar00_0299-400x362.jpg 400w, https:\/\/www.slovokult-literatur.de\/wp-content\/uploads\/2021\/07\/Altar00_0299-600x543.jpg 600w\" sizes=\"(max-width: 300px) 100vw, 300px\" \/><\/a>\n<p>\u00a0<\/p>\n<figcaption><strong>Michaela Strumberger :: Altar ::<\/strong><\/figcaption>\n<\/figure>\n<p><!-- \/wp:image --><\/p>\n<p><!-- wp:paragraph --><\/p>\n<p><!-- \/wp:paragraph --><\/p>\n<p><!-- wp:paragraph --><\/p>\n<p>\u00a0<\/p>\n<p><strong>The Time of Long Recovery<\/strong><\/p>\n<p><!-- \/wp:paragraph --><br \/><!-- wp:paragraph {\"fontSize\":\"normal\"} --><\/p>\n<p><!-- \/wp:paragraph --><\/p>\n<p>We\u2019ve reached the age when maturity<\/p>\n<p>has nothing to do with years:<\/p>\n<p>birds communicate<\/p>\n<p>by aping heavenly bodies<\/p>\n<p>with their movement.<\/p>\n<p>Frogs roam the seas<\/p>\n<p>by using their silky films<\/p>\n<p>as sails.<\/p>\n<p>My seven days of solitude went as follows:<\/p>\n<p><!-- \/wp:paragraph --><br \/><!-- wp:paragraph {\"fontSize\":\"normal\"} --><\/p>\n<p><!-- \/wp:paragraph --><\/p>\n<p>on the first day, I didn\u2019t realize I was alone.<\/p>\n<p><!-- \/wp:paragraph --><br \/><!-- wp:paragraph {\"fontSize\":\"normal\"} --><\/p>\n<p><!-- \/wp:paragraph --><\/p>\n<p>On the second day, my routine<\/p>\n<p>proceeded as usual.<\/p>\n<p>I ate nothing<\/p>\n<p>and slept little,<\/p>\n<p>cooked a soup from your shirt<\/p>\n<p>should I have to welcome some guest.<\/p>\n<p>I ended up using it to clean the windows,<\/p>\n<p>which trumps<\/p>\n<p>hurling an insult towards the door<\/p>\n<p>the door that welcomes no visitors,<\/p>\n<p>the door that is locked,<\/p>\n<p>sown in the warm walls of my stomach,<\/p>\n<p>a hedgehog&#8217;s home, swallowed.<\/p>\n<p><!-- \/wp:paragraph --><br \/><!-- wp:paragraph {\"fontSize\":\"normal\"} --><\/p>\n<p><!-- \/wp:paragraph --><\/p>\n<p>When, on the third day, I realized I was alone,<\/p>\n<p>the fish got scared and gathered into a flock.<\/p>\n<p>They held a meeting and decided<\/p>\n<p>to proceed living as silver bats.<\/p>\n<p>They\u2019ll fly towards the light, close their eyes,<\/p>\n<p>and count the days with the sensors in their throats.<\/p>\n<p>I decided to remain alone,<\/p>\n<p>and embrace this state<\/p>\n<p>as the time of my long recovery.<\/p>\n<p><!-- \/wp:paragraph --><br \/><!-- wp:paragraph {\"fontSize\":\"normal\"} --><\/p>\n<p><!-- \/wp:paragraph --><\/p>\n<p>I don\u2019t remember the fourth day.<\/p>\n<p><!-- \/wp:paragraph --><br \/><!-- wp:paragraph {\"fontSize\":\"normal\"} --><\/p>\n<p><!-- \/wp:paragraph --><\/p>\n<p>I remember the fifth day well<\/p>\n<p>but prefer not to talk about it.<\/p>\n<p><!-- \/wp:paragraph --><br \/><!-- wp:paragraph {\"fontSize\":\"normal\"} --><\/p>\n<p><!-- \/wp:paragraph --><\/p>\n<p>On the sixth day, I decided:<\/p>\n<p>I will be alone.<\/p>\n<p><!-- \/wp:paragraph --><br \/><!-- wp:paragraph {\"fontSize\":\"normal\"} --><\/p>\n<p><!-- \/wp:paragraph --><\/p>\n<p>And indeed, the seventh day.<\/p>\n<p>Like ice cracking in my knees,<\/p>\n<p>in my thanks,<\/p>\n<p>in me-spider&#8217;s knuckles,<\/p>\n<p>who resembles a dog,<\/p>\n<p>in me-fox&#8217;s teeth,<\/p>\n<p>who resembles a wolf.<\/p>\n<p><!-- \/wp:paragraph --><\/p>\n<p><!-- \/wp:paragraph --><br \/><!-- wp:paragraph {\"fontSize\":\"normal\"} --><\/p>\n<p><!-- \/wp:paragraph --><\/p>\n<p>English translation :: <strong>Hana Samar\u017eija<\/strong><\/p>\n\n<!-- wp:paragraph -->\n<p><\/p>\n<!-- \/wp:paragraph -->\n\n<!-- wp:paragraph -->\n<p>Video f\u00fcr die Biennale SlovoKult :: literARTour 2020 Berlin :: stream am 22.12.20 <\/p>\n<!-- \/wp:paragraph -->\n\n<!-- wp:embed {\"url\":\"https:\/\/www.youtube.com\/watch?v=JIKoPbzfzMM\\u0026t=1s\",\"type\":\"video\",\"providerNameSlug\":\"youtube\",\"responsive\":true,\"className\":\"wp-embed-aspect-16-9 wp-has-aspect-ratio\"} -->\n<figure class=\"wp-block-embed is-type-video is-provider-youtube wp-block-embed-youtube wp-embed-aspect-16-9 wp-has-aspect-ratio\"><div class=\"wp-block-embed__wrapper\">\n<iframe loading=\"lazy\" title=\"video streamed 22.12.20:: Marija Dejanovic::poetry:: Michaela Strumberger::art::poesi fysik::sound\" width=\"640\" height=\"360\" src=\"https:\/\/www.youtube.com\/embed\/JIKoPbzfzMM?start=1&#038;feature=oembed\" frameborder=\"0\" allow=\"accelerometer; autoplay; clipboard-write; encrypted-media; gyroscope; picture-in-picture\" allowfullscreen><\/iframe>\n<\/div><\/figure>\n<!-- \/wp:embed -->","protected":false},"excerpt":{"rendered":"<p>:: Gedicht und Gebilde :: 3 :: :: 01-20&nbsp;:: 21-40 ::&nbsp;41-60::&nbsp; :: 52 :: Marija Dejanovi\u0107 :: Michaela Strumberger Die Zeit der langen Erholung ENGLISH :: below :: MK :: HR :: \u00a0 \u00a0 Wir sind in das Alter gekommen, [&hellip;]<\/p>\n","protected":false},"author":1,"featured_media":5425,"parent":3126,"menu_order":0,"comment_status":"closed","ping_status":"closed","template":"","meta":{"footnotes":""},"_links":{"self":[{"href":"https:\/\/www.slovokult-literatur.de\/index.php\/wp-json\/wp\/v2\/pages\/5424"}],"collection":[{"href":"https:\/\/www.slovokult-literatur.de\/index.php\/wp-json\/wp\/v2\/pages"}],"about":[{"href":"https:\/\/www.slovokult-literatur.de\/index.php\/wp-json\/wp\/v2\/types\/page"}],"author":[{"embeddable":true,"href":"https:\/\/www.slovokult-literatur.de\/index.php\/wp-json\/wp\/v2\/users\/1"}],"replies":[{"embeddable":true,"href":"https:\/\/www.slovokult-literatur.de\/index.php\/wp-json\/wp\/v2\/comments?post=5424"}],"version-history":[{"count":30,"href":"https:\/\/www.slovokult-literatur.de\/index.php\/wp-json\/wp\/v2\/pages\/5424\/revisions"}],"predecessor-version":[{"id":5474,"href":"https:\/\/www.slovokult-literatur.de\/index.php\/wp-json\/wp\/v2\/pages\/5424\/revisions\/5474"}],"up":[{"embeddable":true,"href":"https:\/\/www.slovokult-literatur.de\/index.php\/wp-json\/wp\/v2\/pages\/3126"}],"wp:featuredmedia":[{"embeddable":true,"href":"https:\/\/www.slovokult-literatur.de\/index.php\/wp-json\/wp\/v2\/media\/5425"}],"wp:attachment":[{"href":"https:\/\/www.slovokult-literatur.de\/index.php\/wp-json\/wp\/v2\/media?parent=5424"}],"curies":[{"name":"wp","href":"https:\/\/api.w.org\/{rel}","templated":true}]}}