{"id":466,"date":"2024-01-03T03:33:05","date_gmt":"2024-01-03T02:33:05","guid":{"rendered":"http:\/\/www.slovokult-literatur.de\/?page_id=466"},"modified":"2024-01-03T03:58:29","modified_gmt":"2024-01-03T02:58:29","slug":"aussage-gegen-ausdruck","status":"publish","type":"page","link":"https:\/\/www.slovokult-literatur.de\/index.php\/aussage-gegen-ausdruck\/","title":{"rendered":"Aussage gegen Ausdruck"},"content":{"rendered":"<h3>AUSSAGE<span style=\"font-size: 16px;\">\u00a0:: gegen :: AUSDRUCK<\/span><\/h3>\r\n<h5><a href=\"https:\/\/www.slovokult-literatur.de\/index.php\/aussage-gegen-ausdruck\/elizabeta-kostadinovska-dijana-tomik-radevska\/\">::09::\u00a0Elizabeta Kostadinovska ::<strong>\u00a0Erinnerung an die Zeit, als die B\u00e4ume abtrieben ::\u00a0<\/strong>Remembrance of the time when the trees aborted<\/a><\/h5>\r\n<p><img decoding=\"async\" loading=\"lazy\" class=\"wp-image-6755 size-thumbnail alignleft\" src=\"https:\/\/www.slovokult-literatur.de\/wp-content\/uploads\/2024\/01\/A-Touch-150x150.jpg\" alt=\"\" width=\"150\" height=\"150\" srcset=\"https:\/\/www.slovokult-literatur.de\/wp-content\/uploads\/2024\/01\/A-Touch-150x150.jpg 150w, https:\/\/www.slovokult-literatur.de\/wp-content\/uploads\/2024\/01\/A-Touch-300x300.jpg 300w, https:\/\/www.slovokult-literatur.de\/wp-content\/uploads\/2024\/01\/A-Touch-100x100.jpg 100w\" sizes=\"(max-width: 150px) 100vw, 150px\" \/><\/p>\r\n<div>Es war Herbst. Ich wei\u00df nicht, ob er kalt war, denn ich war in ein Wesen mit steinerner Haut und einem eisernen Herzen verwandelt, und durch mein aus Metall gefertigtes Nervensystem floss rot gef\u00e4rbtes Wasser.<\/div>\r\n<div>\u00a0<\/div>\r\n<div><span lang=\"EN-US\">It was autumn. I don&#8217;t know if it was cold, because I was transformed into a creature with stone skin and an iron heart, and red colored water flowed through my nervous system made of metal.<\/span><\/div>\r\n<h5><a href=\"https:\/\/www.slovokult-literatur.de\/index.php\/aussage-gegen-ausdruck\/elizabeta-kostadinovska-dijana-tomik-radevska\/\">:: Dijana Tomik Radevska\u00a0<strong style=\"font-size: 16px;\">:: <\/strong>Ber\u00fchrung :: Touch<\/a><\/h5>\r\n<h5><a href=\"https:\/\/www.slovokult-literatur.de\/index.php\/aussage-gegen-ausdruck\/alexander-graeff-slavica-janeslieva\/\">::08::\u00a0Alexander Graeff :: <strong data-rich-text-format-boundary=\"true\">Perpetuum mobile<\/strong> ::<\/a><\/h5>\r\n\r\n<p>Fr\u00fcher beklagte ich mich immer \u00fcber meine Fernbeziehung. Ich schrieb herzerweichende Briefe voller Sehnsucht<\/p>\r\n\r\n\r\n\r\n<figure class=\"wp-block-image size-thumbnail is-style-default\"><img decoding=\"async\" loading=\"lazy\" width=\"150\" height=\"150\" class=\"wp-image-5341\" src=\"https:\/\/www.slovokult-literatur.de\/wp-content\/uploads\/2021\/06\/Slavica-Janeshlieva-tailoring-after-symbols.-150x150.jpg\" alt=\"\" srcset=\"https:\/\/www.slovokult-literatur.de\/wp-content\/uploads\/2021\/06\/Slavica-Janeshlieva-tailoring-after-symbols.-150x150.jpg 150w, https:\/\/www.slovokult-literatur.de\/wp-content\/uploads\/2021\/06\/Slavica-Janeshlieva-tailoring-after-symbols.-300x300.jpg 300w, https:\/\/www.slovokult-literatur.de\/wp-content\/uploads\/2021\/06\/Slavica-Janeshlieva-tailoring-after-symbols.-100x100.jpg 100w\" sizes=\"(max-width: 150px) 100vw, 150px\" \/><\/figure>\r\n\r\n<h5><a href=\"https:\/\/www.slovokult-literatur.de\/index.php\/aussage-gegen-ausdruck\/alexander-graeff-slavica-janeslieva\/\">Slavica Jane\u0161lieva ::\u00a0<strong data-rich-text-format-boundary=\"true\">Schneidern nach Symbolik<\/strong> ::<\/a><\/h5>\r\n<h5>\u00a0<\/h5>\r\n<h5><a href=\"http:\/\/www.slovokult-literatur.de\/index.php\/aussage-gegen-ausdruck\/07-faruk-sehic-srdjan-mikik\/\">::07:: Faruk \u0160ehi\u0107 :: My personal Atlantis ::<\/a><\/h5>\r\n<p><img decoding=\"async\" loading=\"lazy\" class=\"wp-image-3564 size-thumbnail alignleft\" src=\"http:\/\/www.slovokult-literatur.de\/wp-content\/uploads\/2020\/02\/srdjan-mikik-150x150.jpg\" alt=\"\" width=\"150\" height=\"150\" srcset=\"https:\/\/www.slovokult-literatur.de\/wp-content\/uploads\/2020\/02\/srdjan-mikik-150x150.jpg 150w, https:\/\/www.slovokult-literatur.de\/wp-content\/uploads\/2020\/02\/srdjan-mikik-180x180.jpg 180w, https:\/\/www.slovokult-literatur.de\/wp-content\/uploads\/2020\/02\/srdjan-mikik-300x300.jpg 300w, https:\/\/www.slovokult-literatur.de\/wp-content\/uploads\/2020\/02\/srdjan-mikik-600x600.jpg 600w\" sizes=\"(max-width: 150px) 100vw, 150px\" \/><\/p>\r\n<p>I believe it all started when my father stopped reading\u00a0the Belgrade Politika. It was even before the 14<sup>th<\/sup> special congress of SKJ*.<\/p>\r\n<p>&nbsp;<\/p>\r\n<p><a href=\"http:\/\/www.slovokult-literatur.de\/index.php\/aussage-gegen-ausdruck\/07-faruk-sehic-srdjan-mikik\/\">:: <strong>Srdjan Mi\u0107i\u0107<\/strong>\u00a0:: Untitled ::<\/a><\/p>\r\n<p>&nbsp;<\/p>\r\n<p>&nbsp;<\/p>\r\n<h5><a href=\"http:\/\/www.slovokult-literatur.de\/index.php\/aussage-gegen-ausdruck\/06-sanja-mihajlovik-kostadinovska-aleksandra-petkova-gianeli\/\">::06:: Sanja Mihajlovik&#8216;-Kostadinovska :: K\u00f6rper<\/a><\/h5>\r\n<p><img decoding=\"async\" loading=\"lazy\" class=\"wp-image-3363 size-thumbnail alignleft\" src=\"http:\/\/www.slovokult-literatur.de\/wp-content\/uploads\/2019\/12\/labyrinth-150x150.jpg\" alt=\"\" width=\"150\" height=\"150\" srcset=\"https:\/\/www.slovokult-literatur.de\/wp-content\/uploads\/2019\/12\/labyrinth-150x150.jpg 150w, https:\/\/www.slovokult-literatur.de\/wp-content\/uploads\/2019\/12\/labyrinth-180x180.jpg 180w, https:\/\/www.slovokult-literatur.de\/wp-content\/uploads\/2019\/12\/labyrinth-300x300.jpg 300w, https:\/\/www.slovokult-literatur.de\/wp-content\/uploads\/2019\/12\/labyrinth-600x600.jpg 600w\" sizes=\"(max-width: 150px) 100vw, 150px\" \/><\/p>\r\n<p>Du n\u00e4herst dich mir von hinten und h\u00e4ltst mir<\/p>\r\n<p>die Augen zu. Ich wei\u00df nicht, wer du bist.<\/p>\r\n<p>Ich sollte es erraten. Ich nenne Namen&#8230;<\/p>\r\n<p><strong><a href=\"http:\/\/www.slovokult-literatur.de\/index.php\/aussage-gegen-ausdruck\/06-sanja-mihajlovik-kostadinovska-aleksandra-petkova-gianeli\/\">::Aleksandra Petkova Gianeli:: Labyrinth ::<\/a><\/strong><\/p>\r\n<p>&nbsp;<\/p>\r\n<h5 class=\"entry-title\"><a href=\"http:\/\/www.slovokult-literatur.de\/index.php\/aussage-gegen-ausdruck\/05-vlada-urosevik-goran-stojcetovic\/\">::05:: Vlada Uro\u0161evi\u045c::\u00a0<strong>INNERER ABGRUND<\/strong><\/a><\/h5>\r\n<p><img decoding=\"async\" loading=\"lazy\" class=\"wp-image-2493 size-thumbnail alignleft\" src=\"http:\/\/www.slovokult-literatur.de\/wp-content\/uploads\/2019\/01\/Goran-Stojcetovic--150x150.jpg\" alt=\"\" width=\"150\" height=\"150\" srcset=\"https:\/\/www.slovokult-literatur.de\/wp-content\/uploads\/2019\/01\/Goran-Stojcetovic--150x150.jpg 150w, https:\/\/www.slovokult-literatur.de\/wp-content\/uploads\/2019\/01\/Goran-Stojcetovic--180x180.jpg 180w, https:\/\/www.slovokult-literatur.de\/wp-content\/uploads\/2019\/01\/Goran-Stojcetovic--300x300.jpg 300w, https:\/\/www.slovokult-literatur.de\/wp-content\/uploads\/2019\/01\/Goran-Stojcetovic--600x600.jpg 600w\" sizes=\"(max-width: 150px) 100vw, 150px\" \/>Nachdem du lange davon getr\u00e4umt hast,<\/p>\r\n<p>entdeckst du pl\u00f6tzlich, dass du fliegen kannst.<\/p>\r\n<p>Das ist unzweifelhaft und nicht zu leugnen.<\/p>\r\n<h5 class=\"entry-title\"><a href=\"http:\/\/www.slovokult-literatur.de\/index.php\/aussage-gegen-ausdruck\/05-vlada-urosevik-goran-stojcetovic\/\">::Goran Stoj\u010detovi\u0107::\u00a0<strong>Der K\u00f6nig der Gipsadler bekam einen Schlag in den Kiefer::\u00a0<\/strong><\/a><\/h5>\r\n<p>&nbsp;<\/p>\r\n<h5><a href=\"http:\/\/www.slovokult-literatur.de\/index.php\/aussage-gegen-ausdruck\/04-franz-kafka\/\">::04:: Franz Kafka:: Ein Traum<\/a><\/h5>\r\n<p><img decoding=\"async\" loading=\"lazy\" class=\"wp-image-926 size-thumbnail alignleft\" src=\"http:\/\/www.slovokult-literatur.de\/wp-content\/uploads\/2018\/05\/The-Thinker-1913-e1525735301499-129x150.jpg\" alt=\"\" width=\"129\" height=\"150\" \/>Josef K. tr\u00e4umte: Es war ein sch\u00f6ner Tag und K. wollte spazierengehen.<\/p>\r\n<p>Kaum aber hatte er zwei Schritte gemacht,<\/p>\r\n<p>war er schon auf dem Friedhof.<\/p>\r\n<h5><a href=\"http:\/\/www.slovokult-literatur.de\/index.php\/aussage-gegen-ausdruck\/04-franz-kafka\/\">Franz Kafka:: Der Denker::<\/a><\/h5>\r\n<p>&nbsp;<\/p>\r\n<h5><a href=\"http:\/\/www.slovokult-literatur.de\/index.php\/aussage-gegen-ausdruck\/03-alexander-graeff-andrea-scmidt\/\">::03::Alexander Graeff:: Tr\u00e4ume eines Postmodernen<\/a><\/h5>\r\n<p style=\"text-align: left;\"><img decoding=\"async\" loading=\"lazy\" class=\"wp-image-762 size-thumbnail alignleft\" src=\"http:\/\/www.slovokult-literatur.de\/wp-content\/uploads\/2018\/04\/Andrea-Schmidt-RUNEN_TraeumeEinesPostmodernen-150x150.jpeg\" alt=\"\" width=\"150\" height=\"150\" srcset=\"https:\/\/www.slovokult-literatur.de\/wp-content\/uploads\/2018\/04\/Andrea-Schmidt-RUNEN_TraeumeEinesPostmodernen-150x150.jpeg 150w, https:\/\/www.slovokult-literatur.de\/wp-content\/uploads\/2018\/04\/Andrea-Schmidt-RUNEN_TraeumeEinesPostmodernen-180x180.jpeg 180w, https:\/\/www.slovokult-literatur.de\/wp-content\/uploads\/2018\/04\/Andrea-Schmidt-RUNEN_TraeumeEinesPostmodernen-300x300.jpeg 300w, https:\/\/www.slovokult-literatur.de\/wp-content\/uploads\/2018\/04\/Andrea-Schmidt-RUNEN_TraeumeEinesPostmodernen-600x600.jpeg 600w\" sizes=\"(max-width: 150px) 100vw, 150px\" \/>Trotz des regnerischen Wetters wagte ich den Aufstieg;<\/p>\r\n<p style=\"text-align: left;\">ich lieh mir extra\u00a0Wanderstiefel.<\/p>\r\n<p style=\"text-align: left;\">Das Hochplateau erreichte ich am Abend.<\/p>\r\n<h5>\u00a0<strong><a href=\"http:\/\/www.slovokult-literatur.de\/index.php\/aussage-gegen-ausdruck\/03-alexander-graeff-andrea-scmidt\/\">Andrea Shcmidt:: Tr\u00e4ume eines Postmodernen<\/a><\/strong><\/h5>\r\n<p>&nbsp;<\/p>\r\n<h5><span style=\"font-size: 16px;\"><a href=\"http:\/\/www.slovokult-literatur.de\/index.php\/aussage-gegen-ausdruck\/02-vladimir-lukas-hanna-hennenkemper\/\">::02::Vladimir Luka\u0161::<strong>Ein kleines Wiegenlied<\/strong><\/a><\/span><\/h5>\r\n<p><img decoding=\"async\" loading=\"lazy\" class=\"wp-image-514 size-thumbnail alignleft\" src=\"http:\/\/www.slovokult-literatur.de\/wp-content\/uploads\/2018\/01\/Hanna-Hennenkemper-Sehnsucht-150x150.jpg\" alt=\"\" width=\"150\" height=\"150\" srcset=\"https:\/\/www.slovokult-literatur.de\/wp-content\/uploads\/2018\/01\/Hanna-Hennenkemper-Sehnsucht-150x150.jpg 150w, https:\/\/www.slovokult-literatur.de\/wp-content\/uploads\/2018\/01\/Hanna-Hennenkemper-Sehnsucht-180x180.jpg 180w, https:\/\/www.slovokult-literatur.de\/wp-content\/uploads\/2018\/01\/Hanna-Hennenkemper-Sehnsucht-300x300.jpg 300w, https:\/\/www.slovokult-literatur.de\/wp-content\/uploads\/2018\/01\/Hanna-Hennenkemper-Sehnsucht-600x600.jpg 600w\" sizes=\"(max-width: 150px) 100vw, 150px\" \/>Ein Baby ging sich t\u00e4towieren lassen.<\/p>\r\n<p>\u201eIch m\u00f6chte, dass du mir mein ganzes zuk\u00fcnftiges Leben eint\u00e4towierst\u201c,<\/p>\r\n<p>sagte es zum Tattoo-Meister &#8230;<\/p>\r\n<h5><a href=\"http:\/\/www.slovokult-literatur.de\/index.php\/aussage-gegen-ausdruck\/02-vladimir-lukas-hanna-hennenkemper\/\"><strong>Hanna Hennenkemper::Sehnsucht, die sich an&#8230;.<\/strong><\/a><\/h5>\r\n<p>&nbsp;<\/p>\r\n<h5><a href=\"http:\/\/www.slovokult-literatur.de\/index.php\/aussage-gegen-ausdruck\/01-simone-kanter-gjorgje-jovanovik\/\">::01::\u00a0Simone Kanter<strong>::Unter deinen Armen<\/strong><\/a><\/h5>\r\n<p><img decoding=\"async\" loading=\"lazy\" class=\"wp-image-469 size-thumbnail alignleft\" src=\"http:\/\/www.slovokult-literatur.de\/wp-content\/uploads\/2017\/12\/Gjorgje-za-SlovoKult-2-150x150.jpg\" alt=\"\" width=\"150\" height=\"150\" srcset=\"https:\/\/www.slovokult-literatur.de\/wp-content\/uploads\/2017\/12\/Gjorgje-za-SlovoKult-2-150x150.jpg 150w, https:\/\/www.slovokult-literatur.de\/wp-content\/uploads\/2017\/12\/Gjorgje-za-SlovoKult-2-180x180.jpg 180w, https:\/\/www.slovokult-literatur.de\/wp-content\/uploads\/2017\/12\/Gjorgje-za-SlovoKult-2-300x300.jpg 300w, https:\/\/www.slovokult-literatur.de\/wp-content\/uploads\/2017\/12\/Gjorgje-za-SlovoKult-2-600x600.jpg 600w\" sizes=\"(max-width: 150px) 100vw, 150px\" \/>grast Sommer. Mit deinen S\u00e4geblattlippen hast du<\/p>\r\n<p>ihn eingeladen,\u00a0ihn erbeten, ihn bewirtet,<\/p>\r\n<p>ihn dir unter den Arm, so ein wenig auch&#8230;<\/p>\r\n<h5><strong><a href=\"http:\/\/www.slovokult-literatur.de\/index.php\/aussage-gegen-ausdruck\/01-simone-kanter-gjorgje-jovanovik\/\">Gjorgje Jovanovik :: \u041e\u0422\u00a0\u00a0<\/a><\/strong><\/h5>","protected":false},"excerpt":{"rendered":"<p>AUSSAGE\u00a0:: gegen :: AUSDRUCK ::09::\u00a0Elizabeta Kostadinovska ::\u00a0Erinnerung an die Zeit, als die B\u00e4ume abtrieben ::\u00a0Remembrance of the time when the trees aborted Es war Herbst. Ich wei\u00df nicht, ob er kalt war, denn ich war in ein Wesen mit steinerner [&hellip;]<\/p>\n","protected":false},"author":1,"featured_media":6755,"parent":0,"menu_order":0,"comment_status":"closed","ping_status":"closed","template":"","meta":{"footnotes":""},"_links":{"self":[{"href":"https:\/\/www.slovokult-literatur.de\/index.php\/wp-json\/wp\/v2\/pages\/466"}],"collection":[{"href":"https:\/\/www.slovokult-literatur.de\/index.php\/wp-json\/wp\/v2\/pages"}],"about":[{"href":"https:\/\/www.slovokult-literatur.de\/index.php\/wp-json\/wp\/v2\/types\/page"}],"author":[{"embeddable":true,"href":"https:\/\/www.slovokult-literatur.de\/index.php\/wp-json\/wp\/v2\/users\/1"}],"replies":[{"embeddable":true,"href":"https:\/\/www.slovokult-literatur.de\/index.php\/wp-json\/wp\/v2\/comments?post=466"}],"version-history":[{"count":66,"href":"https:\/\/www.slovokult-literatur.de\/index.php\/wp-json\/wp\/v2\/pages\/466\/revisions"}],"predecessor-version":[{"id":6771,"href":"https:\/\/www.slovokult-literatur.de\/index.php\/wp-json\/wp\/v2\/pages\/466\/revisions\/6771"}],"wp:featuredmedia":[{"embeddable":true,"href":"https:\/\/www.slovokult-literatur.de\/index.php\/wp-json\/wp\/v2\/media\/6755"}],"wp:attachment":[{"href":"https:\/\/www.slovokult-literatur.de\/index.php\/wp-json\/wp\/v2\/media?parent=466"}],"curies":[{"name":"wp","href":"https:\/\/api.w.org\/{rel}","templated":true}]}}