{"id":3770,"date":"2020-04-23T01:30:32","date_gmt":"2020-04-22T23:30:32","guid":{"rendered":"http:\/\/www.slovokult-literatur.de\/?page_id=3770"},"modified":"2020-04-30T18:27:11","modified_gmt":"2020-04-30T16:27:11","slug":"4-2","status":"publish","type":"page","link":"https:\/\/www.slovokult-literatur.de\/index.php\/opinion-instead-of-oblivion\/corona-reality-check\/3-2\/4-2\/","title":{"rendered":":: Corona :: Reality Check :: 2 :: Teil 2"},"content":{"rendered":"<p>Wir m\u00fcssen Informationen beachten, auch die \u00fcber die Intensivbehandlung \u2013 dass die auch nicht eine gute L\u00f6sung ist \u2013 das erfahren wir auch ::<strong> <a href=\"https:\/\/www.deutschlandfunk.de\/coronavirus-krise-intensivmediziner-weist-kritik-an.1939.de.html?drn:news_id=1120590\" target=\"_blank\" rel=\"noopener\">in einem dieser Interviews<\/a>.\u00a0<\/strong>Wenn es eine echte Chance ist, ein Leben zu retten, okay, aber einige Experten sagen, dass dies nicht ohne ernsthafte und umfassende Beratung mit dem Patienten geschehen sollte. Menschen, die in Deutschland gestorben sind, sind \u00e4lter, Obduktionen haben gezeigt, dass sie nicht unbedingt an Covid-19 gestorben sind, die Todesursache waren ihre Vorerkrankungen. Diese Untersuchungen sowie fr\u00fchere Aussagen von anderen Wissenschaftlern sind entscheidend, um die Gefahr richtig einzusch\u00e4tzen \u2013 aber es gibt keine Diskussion dar\u00fcber. Deswegen m\u00fcssen wir schlie\u00dflich alles \u00fcberdenken, um neue bessere Bedingungen und \u201eMa\u00dfnahmen\u201c f\u00fcr die Bew\u00e4ltigung der Krise zu schaffen.<\/p>\n<p><img decoding=\"async\" loading=\"lazy\" class=\"size-medium wp-image-3767 alignleft\" src=\"http:\/\/www.slovokult-literatur.de\/wp-content\/uploads\/2020\/04\/covid-19-4967054_1920-300x225.jpg\" alt=\"\" width=\"300\" height=\"225\" srcset=\"https:\/\/www.slovokult-literatur.de\/wp-content\/uploads\/2020\/04\/covid-19-4967054_1920-300x225.jpg 300w, https:\/\/www.slovokult-literatur.de\/wp-content\/uploads\/2020\/04\/covid-19-4967054_1920-768x576.jpg 768w, https:\/\/www.slovokult-literatur.de\/wp-content\/uploads\/2020\/04\/covid-19-4967054_1920-1024x768.jpg 1024w, https:\/\/www.slovokult-literatur.de\/wp-content\/uploads\/2020\/04\/covid-19-4967054_1920-400x300.jpg 400w, https:\/\/www.slovokult-literatur.de\/wp-content\/uploads\/2020\/04\/covid-19-4967054_1920.jpg 1920w\" sizes=\"(max-width: 300px) 100vw, 300px\" \/>Jedes Leben hat einen Wert, dieser Planet hat einen Wert, den wir ihm zur\u00fcckgeben m\u00fcssen, indem wir mehr Leben retten wollen, um unser Leben und das unserer Lieben zu retten, aber auch die Fernen, die Pflanzen, das Wasser, die Tiere, der Amazonas, und die Br\u00e4nde, Unf\u00e4lle, Hungersn\u00f6te, Armut, Kriege und Schrecken, die unseren Planeten zerst\u00f6ren, zu reduzieren &#8211; wenn wir das richtige <em>Klima<\/em> f\u00fcr eine vern\u00fcnftige Haltung schaffen, gegen\u00fcber Menschen und unter Menschen sowie gegen\u00fcber allen anderen Leben auf dem Planeten, die vernichtet werden. Nicht von Covid-19, oder Corona, sondern von vielen anderen Dingen auf den Buchstaben K: Kapital, Korruption, Kurve &#8230;<\/p>\n<p>Kritisches Denken, investigativer Journalismus, Informationsrecherche und -qualit\u00e4t sind entscheidend. Wenn die strengen Ma\u00dfnahmen fortgesetzt werden, verwandelt sich das Leben in eine h\u00e4uslichen Katastrophe f\u00fcr alle &#8211; oder eine Quarant\u00e4ne mit Folgen. Und die Armut ist auch noch dazu vorprogrammiert. <a href=\"https:\/\/www.lemonde.fr\/societe\/article\/2020\/04\/18\/dans-les-quartiers-populaires-si-on-remplit-le-frigo-on-chope-le-corona_6036998_3224.html?fbclid=IwAR0HhZyseY7OFZUci-lNT5HETMYwOdNwtl__VCS6LO5TQPGsobrRDFplcvQ\" target=\"_blank\" rel=\"noopener\"><strong>Sehen Sie sich Frankreich\u00a0an,<\/strong> <\/a>Menschen, die ihre Jobs verloren haben stehen Schlange, um Lebensmittel zu bekommen, umsonst, weil sie es sich nicht leisten k\u00f6nnen in den Supermarkt zu gehen \u00a0\u2013 das ist eine ungeheurere Armut und Abh\u00e4ngigkeit vom Staat, man wird in eine existenzielle Katastrophe geworfen. Noch ein K \u2013 und dazu kommen auch einige Sachen auf den Buchstaben Q &#8211; neben Quarant\u00e4ne, Quantum, Quantit\u00e4t, Quark und Quatsch.<\/p>\n<p><img decoding=\"async\" loading=\"lazy\" class=\"size-medium wp-image-3763 alignleft\" src=\"http:\/\/www.slovokult-literatur.de\/wp-content\/uploads\/2020\/04\/ban-4950426_960_720-300x200.jpg\" alt=\"\" width=\"300\" height=\"200\" srcset=\"https:\/\/www.slovokult-literatur.de\/wp-content\/uploads\/2020\/04\/ban-4950426_960_720-300x200.jpg 300w, https:\/\/www.slovokult-literatur.de\/wp-content\/uploads\/2020\/04\/ban-4950426_960_720-768x512.jpg 768w, https:\/\/www.slovokult-literatur.de\/wp-content\/uploads\/2020\/04\/ban-4950426_960_720-400x267.jpg 400w, https:\/\/www.slovokult-literatur.de\/wp-content\/uploads\/2020\/04\/ban-4950426_960_720.jpg 960w\" sizes=\"(max-width: 300px) 100vw, 300px\" \/>Wenn die strengen Ma\u00dfnahmen fortgesetzt werden, hier und erst in den L\u00e4ndern, wo es sonst viel strenger ist &#8211; \u00fcberall wird das Leben dann zu einem h\u00e4uslichen Basar, Zirkus, Folterkammer \u2013 oder einfach zu einer Quarant\u00e4nekatastrophe werden? Oder kann man in IKEA spazieren gehen, da ist es wie Zuhause nur viel gr\u00f6\u00dfer und abwechselnder? Fragen Sie die Eltern, die ihre Kinder in die Kitas schicken wollen. Verletzung der Grundrechte und der Menschenrechte, Armut und Elend k\u00f6nnen wir nicht gebrauchen f\u00fcr die Zukunft, die WIR gestalten m\u00fcssen, und nicht jemand anderes, und besonders nicht \u00fcber Nacht, \u00fcber Monate Hausarrest oder \u00fcber den Bildschirm.<\/p>\n<p>Und ich will keinen Maulkorb tragen, denn er hindert die Wahrheit.<\/p>\n<p>Denn die Wahrheit ist schwer, aber notwendig\u2026 besonders zu Krisenzeiten.<\/p>\n<p>: Wahrheit &#8211; fr\u00fcher war es einfach sie zu verdrehen &#8211; \u00fcber gef\u00e4lschte Nachrichten. Heute ist es eine gr\u00f6\u00dfere Sache &#8211; die Wahrheit wird gef\u00e4hrlichen und d\u00fcmmsten Diktatoren und elenden kapitalistischen Pr\u00e4sidenten \u00fcberlassen; Sachen, die bereits von wissenschaftlichen Kreisen verk\u00fcndet und von den offiziellen politischen und medialen Berichterstattern gar nicht in Betracht gezogen oder als Verschw\u00f6rungstheorie abgetan werden. Damit die ganze intelligente Welt in Verwirrung ger\u00e4t und gel\u00e4hmt versucht, das Leben in der Quarant\u00e4ne zu meistern \u2013 aber ob wir es schaffen? vielleicht schaffen wir es noch \u2013 dass wir NICHT unter der Herrschaft des verdrehten kapitalistischen Diktators \u2013 oder eher PLURAL &#8211; stehen.\u00a0 Daf\u00fcr m\u00fcssen wir nach den Werten fragen. WERTE suchen.<\/p>\n<p><img decoding=\"async\" loading=\"lazy\" class=\"alignnone wp-image-3764 size-full\" src=\"http:\/\/www.slovokult-literatur.de\/wp-content\/uploads\/2020\/04\/banner-1188502_960_720.jpg\" alt=\"\" width=\"960\" height=\"319\" srcset=\"https:\/\/www.slovokult-literatur.de\/wp-content\/uploads\/2020\/04\/banner-1188502_960_720.jpg 960w, https:\/\/www.slovokult-literatur.de\/wp-content\/uploads\/2020\/04\/banner-1188502_960_720-300x100.jpg 300w, https:\/\/www.slovokult-literatur.de\/wp-content\/uploads\/2020\/04\/banner-1188502_960_720-768x255.jpg 768w, https:\/\/www.slovokult-literatur.de\/wp-content\/uploads\/2020\/04\/banner-1188502_960_720-400x133.jpg 400w\" sizes=\"(max-width: 960px) 100vw, 960px\" \/>Dort m\u00fcssen wir hin, zu den Werten, zur Wahrheit, aber es gibt niemanden, oder ganz ganz wenige, die kritisch denken und sich \u00e4u\u00dfern. Die meisten Intellektuellen und Linken sagen nichts, oder sie wissen vielleicht, dass wir uns in einer sch\u00f6nen Inkubation der neuen Welt befinden, und die wird einfach dann da sein, wenn wir aus dem gesch\u00fctzten Raum austreten. Und sie suchen nach keinen Werten mehr \u2013 im Gegenteil, wenn dann doch was Interessantes kommt, wird diese Kritik, die Sinn macht, als Verschw\u00f6rungstheorie abgetan. Die Welt befindet sich in einer RIESIGEN Krise und die Freiheit wird immer weniger und die freie Meinungs\u00e4u\u00dferung immer gef\u00e4hrlicher.* Andererseits k\u00fcmmern sich rechte Netzwerke pl\u00f6tzlich um Gerechtigkeit und Wahrheit, also verbreiten sie sich demokratische Ideen als ihre eigenen, und haben eigentlich Recht, man sollte Grundrechte verteidigen und die strengen Ma\u00dfnahmen hinterfragen, man sollte kritische Fragen stellen und nat\u00fcrlich auch protestieren, aber <img decoding=\"async\" loading=\"lazy\" class=\"size-medium wp-image-3765 alignleft\" src=\"http:\/\/www.slovokult-literatur.de\/wp-content\/uploads\/2020\/04\/covid-19-4939288_960_720-300x200.jpg\" alt=\"\" width=\"300\" height=\"200\" srcset=\"https:\/\/www.slovokult-literatur.de\/wp-content\/uploads\/2020\/04\/covid-19-4939288_960_720-300x200.jpg 300w, https:\/\/www.slovokult-literatur.de\/wp-content\/uploads\/2020\/04\/covid-19-4939288_960_720-768x512.jpg 768w, https:\/\/www.slovokult-literatur.de\/wp-content\/uploads\/2020\/04\/covid-19-4939288_960_720-400x267.jpg 400w, https:\/\/www.slovokult-literatur.de\/wp-content\/uploads\/2020\/04\/covid-19-4939288_960_720.jpg 960w\" sizes=\"(max-width: 300px) 100vw, 300px\" \/>die Verwirrung ist ABNORMAL, deswegen muss man KLARHEIT schaffen. Deswegen ist es gro\u00dfartig, es gibt endlich eine M\u00f6glichkeit sich zu \u00e4u\u00dfern, denn in Berlin hat sich eine Gruppe unterschiedlicher Menschen zusammengetan, die die Grundrechte \u00a0&#8211; und den Planeten &#8211; verteidigen wollen \u2013 genauso wie ich \u2013 es ist eine progressive und kluge Initiative, die ich unterst\u00fctze \u2013 also nicht ohne uns \u2013 und zwar f\u00fcr mich wichtig aus verschiedenen Gr\u00fcnden: demokratischen, k\u00fcnstlerischen und pers\u00f6nlichen. Da werden WERTE vertreten, deswegen empfehle ich unbedingt ihre Zeitschrift :: <a href=\"https:\/\/jimdo-storage.global.ssl.fastly.net\/file\/f3fc94ad-b459-4b9c-8bec-3140247e3e0b\/01_Widerstand_2020_04_17_FINAL_BUNDESWEIT.pdf?fbclid=IwAR3248lzA3szkx1UO6P2HrXoExKHdsN4WTJBDVVMWODGirzrz7SH9d5g72g\" target=\"_blank\" rel=\"noopener\"><strong>Demokratischer Widerstand<\/strong> <\/a>::<\/p>\n<p>Und wie eine richtige Utopistin, \u00e4hm, Optimistin, finde ich: es gibt tats\u00e4chlich auch gute Sachen in der Quarant\u00e4ne, wir lernen viel \u2026 wie diese sch\u00f6ne philosophische Sicht der Dinge zeigt :: <a href=\"https:\/\/www.facebook.com\/3satnano\/videos\/793698311121623\/\" target=\"_blank\" rel=\"noopener\"><strong>in diesem Video<\/strong><\/a>\u2026<\/p>\n<p>aber die Zeit l\u00e4uft und die Uhr tickt, Lockerung ist mehr als angesagt \u2013 sofort und in jeder Hinsicht. Nur nicht in solidarischer \u2013 wir wissen was notwendig ist f\u00fcr den Planeten, <strong>der freie Mensch<\/strong> auf einem gesunderem Planeten, deswegen m\u00fcssen wir uns sorgen um::\u00a0Die Fl\u00fcchtlinge, das medizinische und andere Corona-Personal, die Arbeiter, die Arbeitslosen, die Armen, die K\u00fcnstler, die kleinen Unternehmen, die\u2026.die Vielen. Um das Leben aber auch um Dinge: Genossenschaften, Grundeinkommen, erneuerbare Energien, Immobilien\u2026<\/p>\n<p>Deswegen\u2026 denken und einen Zusammenhang finden \u2013 am besten sofort mit dem Planeten, denn der Tod ist \u00fcberall und es ist sehr wichtig, ihn in globaler Hinsicht zu sehen und zu verstehen. Aber wenn wir uns keine Gedanken \u00fcber das Leben machen, wird er uns \u00fcberlisten \u2013 wie immer.<\/p>\n<p>LINKS :: die ich empfehle stehen unter der Fu\u00dfnote::<\/p>\n<p>&#8230;&#8230;&#8230;&#8230;..<\/p>\n<p>*Am Ostersonntag passierte etwas katastrophales f\u00fcr ein modernes demokratisches Land, etwas, das uns niemals passiert w\u00e4re, <img decoding=\"async\" loading=\"lazy\" class=\"size-medium wp-image-3768 alignright\" src=\"http:\/\/www.slovokult-literatur.de\/wp-content\/uploads\/2020\/04\/justice-2071539_960_720-300x225.jpg\" alt=\"\" width=\"300\" height=\"225\" srcset=\"https:\/\/www.slovokult-literatur.de\/wp-content\/uploads\/2020\/04\/justice-2071539_960_720-300x225.jpg 300w, https:\/\/www.slovokult-literatur.de\/wp-content\/uploads\/2020\/04\/justice-2071539_960_720-768x576.jpg 768w, https:\/\/www.slovokult-literatur.de\/wp-content\/uploads\/2020\/04\/justice-2071539_960_720-400x300.jpg 400w, https:\/\/www.slovokult-literatur.de\/wp-content\/uploads\/2020\/04\/justice-2071539_960_720.jpg 960w\" sizes=\"(max-width: 300px) 100vw, 300px\" \/>wie ein Film: Menschen, die die Virusbek\u00e4mpfungsma\u00dfnahmen kritisierten, wurden verhaftet und in eine psychiatrische Klinik gebracht. Ein Fall in der Schweiz und eine deutsche Anw\u00e4ltin f\u00fcr Medizinrecht, die beim Verfassungsgericht Klage gegen die harten Ma\u00dfnahmen eingereicht hat. Dies sind ernsthafte Bedrohungen f\u00fcr Freiheit, Wahrheit und Zukunft. Hier einige Links:<\/p>\n<p><a href=\"http:\/\/blauerbote.com\/2020\/04\/13\/corona-crisis-attorney-beate-bahner-put-in-psychiatric-ward\/\" target=\"_blank\" rel=\"noopener\"><strong>Corona crisis: Attorney Beate Bahner put in psychiatric ward\u00a0<\/strong><\/a><\/p>\n<p><strong><a href=\"http:\/\/blauerbote.com\/2020\/04\/13\/schweiz-corona-massnahmen-kritiker-dr-binder-verhaftet-und-in-psychiatrie-gesperrt\" target=\"_blank\" rel=\"noopener\">Schweiz: Corona-Ma\u00dfnahmen-Kritiker Dr. Binder verhaftet und in Psychiatrie gesperrt<\/a><\/strong><\/p>\n<p class=\"nfy-ar-headline\"><a href=\"https:\/\/www.rnz.de\/nachrichten\/heidelberg_artikel,-nach-aufruf-zu-corona-demo-heidelberger-anwaeltin-in-psychiatrischer-einrichtung-update-_arid,508747.html\" target=\"_blank\" rel=\"noopener\"><strong>Rund 200\u00a0Unterst\u00fctzer demonstrierten f\u00fcr Beate Bahner vor Polizeirevier (plus Video)<\/strong><\/a><\/p>\n<p>____________<\/p>\n<p><strong>LINKS::<\/strong><\/p>\n<p class=\"title nau-t-typography-display-1\"><a href=\"https:\/\/www.nau.ch\/news\/europa\/uno-warnt-angesichts-von-corona-massnahmen-vor-menschenrechtskatastrophe-65699148?fbclid=IwAR1NWGWgqzXLN_bytL1TFxFV4VuiInssFg4tsWRi7ya2rh0X21mrXv6keaE\" target=\"_blank\" rel=\"noopener\"><strong>UNO warnt wegen Corona-Massnahmen vor \u00abMenschenrechtskatastrophe\u00bb<\/strong><\/a><\/p>\n<div class=\"headline__highlight\" data-v-3c3402c0=\"\">\n<div class=\"headline__inner headline__inner--highlight\" data-v-3c3402c0=\"\">\n<p class=\"headline__title\">:: NZZ:: <a href=\"https:\/\/www.nzz.ch\/feuilleton\/corona-krise-wie-absurd-ist-denn-das-alles-ld.1552008?mktcid=smsh&amp;mktcval=Facebook&amp;fbclid=IwAR20ZQIqlAXwukySpQTC4ccvyyuU3McNW04aNNbmz6U_mtRHQA3c5xXWH5A\" target=\"_blank\" rel=\"noopener\">Es ist die Frage, die die Absurdit\u00e4t mancher Notmassnahme offenbart: Wollt ihr denn ewig leben? :: Die Medien \u00fcberdrehen. Die Politik masst sich alles an. Die Intellektuellen stimmen in den Mainstream ein. Auf der Strecke bleiben die realistischen Gegenstimmen im Angesicht der Corona-Pandemie.<\/a><\/p>\n<p>:: Telepolis ::\u00a0<strong><a href=\"https:\/\/www.heise.de\/tp\/features\/Das-Dilemma-der-Lockdown-Politik-4704918.html\" target=\"_blank\" rel=\"noopener\">Das Dilemma der Lockdown-Politik<\/a>\u00a0::\u00a0<\/strong>Dass der Lockdown so schnell als m\u00f6glich beendet werden muss, l\u00e4sst sich nicht mehr wegargumentieren. Die gesellschaftlichen und \u00f6konomischen Sch\u00e4den sind bereits immens. Experten <a href=\"https:\/\/www.capital.de\/allgemein\/corona-koennte-schlimmer-sein-als-die-weltwirtschaftkrise-1929\" target=\"_blank\" rel=\"external noopener\">sprechen schon jetzt<\/a> von der schlimmsten Weltwirtschaftskrise seit 1929. Viele <a href=\"https:\/\/www.derwesten.de\/region\/nrw-familie-bangt-wegen-corona-um-ihre-existenz-es-wird-immer-schlimmer-id228873475.html\" target=\"_blank\" rel=\"external noopener\">bangen bereits um ihre Existenz<\/a> &#8211; auch in wohlhabenden L\u00e4ndern. Die Caritas verbucht <a href=\"https:\/\/www.rainews.it\/tgr\/tagesschau\/video\/2020\/04\/tag-Neue-Armut-Suedtirol-Coronavirus-f9c59b6c-e5f4-40ec-9f4f-1525a5b59380.html\" target=\"_blank\" rel=\"external noopener\">einen steilen Zulauf<\/a>.<\/p>\n<\/div>\n<\/div>\n<p>:: Neues Deutschland ::\u00a0<strong><a href=\"https:\/\/www.jungewelt.de\/artikel\/376912.gesundheitswesen-in-der-brd-krank-durchs-krankenhaus.html?fbclid=IwAR2CsH4KBfquiYXi6_jpc1hAert3dKfnaomME2OzYW0dcZjaentjeC_vzr8\" target=\"_blank\" rel=\"noopener\">Krank durchs Krankenhaus ::\u00a0Tausende Patienten sterben hierzulande jedes Jahr durch multiresistente Keime ::<\/a>\u00a0<\/strong><\/p>\n<p><img decoding=\"async\" loading=\"lazy\" src=\"http:\/\/vg02.met.vgwort.de\/na\/9ffbf601d5d445cb9fb57c52cb2697d2\" alt=\"\" width=\"1\" height=\"1\" \/>:: Der Freitag ::\u00a0<a href=\"https:\/\/www.freitag.de\/autoren\/jaugstein\/rausch-des-notstands\" target=\"_blank\" rel=\"noopener\">Rausch des Notstands ::\u00a0Corona Diese Krankheit ist ernst. Aber wir haben sie zu einer Katastrophe gemacht. Politik und Medien spielen dabei eine gro\u00dfe Rolle<\/a><\/p>\n<p><strong>Anselm Lenz, Hendrik Sodenkamp<\/strong> ::\u00a0<a href=\"https:\/\/www.rubikon.news\/artikel\/die-zukunft-beginnt-jetzt\" target=\"_blank\" rel=\"noopener\">Die Zukunft beginnt jetzt ::\u00a0Der Neoliberalismus k\u00e4mpft um sein \u00dcberleben \u2014 wenn wir nicht aufpassen, wird er die Demokratie mit sich in den Abgrund rei\u00dfen. Eine Prognose.<\/a><\/p>\n<div class=\"headline__highlight\" data-v-3c3402c0=\"\">\n<div class=\"headline__inner headline__inner--highlight\" data-v-3c3402c0=\"\">\n<p class=\"headline__title\"><strong>Giorgio Agamben zur Corona-Krise:<\/strong> <a href=\"https:\/\/www.nzz.ch\/feuilleton\/giorgio-agamben-zur-coronakrise-wir-sollten-uns-weniger-sorgen-und-mehr-nachdenken-ld.1550672\" target=\"_blank\" rel=\"noopener\">Wir sollten uns weniger sorgen und mehr denken. Die B\u00fcrger liberaler Demokratien haben es geschehen lassen, dass sie \u00fcber Nacht ihrer Freiheitsrechte beraubt wurden. So paradox es klingt: Das neue Credo der sozialen Distanzierung f\u00fchrt zu einer neuen Massengesellschaft passiver Menschen. Ein paar Gegengedanken.<\/a><\/p>\n<div class=\"headline__highlight\" data-v-3c3402c0=\"\">\n<div class=\"headline__inner headline__inner--highlight\" data-v-3c3402c0=\"\">\n<p class=\"headline__title\"><strong>Giorgio Agamben zum Umgang der liberalen Demokratien mit dem Coronavirus:<\/strong> <a href=\"https:\/\/www.nzz.ch\/feuilleton\/coronavirus-giorgio-agamben-zum-zusammenbruch-der-demokratie-ld.1551896#register\" target=\"_blank\" rel=\"noopener\">Ich h\u00e4tte da eine Frage. Ein Land, ja eine Kultur implodiert gerade, und niemanden scheint es zu k\u00fcmmern. Was spielt sich gerade vor unseren Augen in den L\u00e4ndern ab, die von sich behaupten, sie seien zivilisiert?<\/a><\/p>\n<\/div>\n<\/div>\n<\/div>\n<\/div>\n","protected":false},"excerpt":{"rendered":"<p>Wir m\u00fcssen Informationen beachten, auch die \u00fcber die Intensivbehandlung \u2013 dass die auch nicht eine gute L\u00f6sung ist \u2013 das erfahren wir auch :: in einem dieser Interviews.\u00a0Wenn es eine echte Chance ist, ein Leben zu retten, okay, aber einige [&hellip;]<\/p>\n","protected":false},"author":1,"featured_media":3766,"parent":3751,"menu_order":0,"comment_status":"closed","ping_status":"closed","template":"","meta":{"footnotes":""},"_links":{"self":[{"href":"https:\/\/www.slovokult-literatur.de\/index.php\/wp-json\/wp\/v2\/pages\/3770"}],"collection":[{"href":"https:\/\/www.slovokult-literatur.de\/index.php\/wp-json\/wp\/v2\/pages"}],"about":[{"href":"https:\/\/www.slovokult-literatur.de\/index.php\/wp-json\/wp\/v2\/types\/page"}],"author":[{"embeddable":true,"href":"https:\/\/www.slovokult-literatur.de\/index.php\/wp-json\/wp\/v2\/users\/1"}],"replies":[{"embeddable":true,"href":"https:\/\/www.slovokult-literatur.de\/index.php\/wp-json\/wp\/v2\/comments?post=3770"}],"version-history":[{"count":24,"href":"https:\/\/www.slovokult-literatur.de\/index.php\/wp-json\/wp\/v2\/pages\/3770\/revisions"}],"predecessor-version":[{"id":3833,"href":"https:\/\/www.slovokult-literatur.de\/index.php\/wp-json\/wp\/v2\/pages\/3770\/revisions\/3833"}],"up":[{"embeddable":true,"href":"https:\/\/www.slovokult-literatur.de\/index.php\/wp-json\/wp\/v2\/pages\/3751"}],"wp:featuredmedia":[{"embeddable":true,"href":"https:\/\/www.slovokult-literatur.de\/index.php\/wp-json\/wp\/v2\/media\/3766"}],"wp:attachment":[{"href":"https:\/\/www.slovokult-literatur.de\/index.php\/wp-json\/wp\/v2\/media?parent=3770"}],"curies":[{"name":"wp","href":"https:\/\/api.w.org\/{rel}","templated":true}]}}