{"id":151,"date":"2026-04-20T00:28:39","date_gmt":"2026-04-19T22:28:39","guid":{"rendered":"http:\/\/www.slovokult-literatur.de\/?page_id=151"},"modified":"2026-04-20T17:19:28","modified_gmt":"2026-04-20T15:19:28","slug":"elizabeta-lindner-kostadinovska","status":"publish","type":"page","link":"https:\/\/www.slovokult-literatur.de\/index.php\/lyrik\/elizabeta-lindner-kostadinovska\/","title":{"rendered":"Elizabeta Kostadinovska"},"content":{"rendered":"\r\n<h3 class=\"wp-block-heading\">Elizabeta Kostadinovska<\/h3>\r\n<p><a href=\"https:\/\/www.slovokult-literatur.de\/wp-content\/uploads\/2025\/04\/E.-Kostadinovska-by-c-Peter-Zach.jpg\"><img decoding=\"async\" loading=\"lazy\" class=\"alignnone wp-image-7037 size-medium\" src=\"https:\/\/www.slovokult-literatur.de\/wp-content\/uploads\/2025\/04\/E.-Kostadinovska-by-c-Peter-Zach-173x300.jpg\" alt=\"\" width=\"173\" height=\"300\" srcset=\"https:\/\/www.slovokult-literatur.de\/wp-content\/uploads\/2025\/04\/E.-Kostadinovska-by-c-Peter-Zach-173x300.jpg 173w, https:\/\/www.slovokult-literatur.de\/wp-content\/uploads\/2025\/04\/E.-Kostadinovska-by-c-Peter-Zach-589x1024.jpg 589w, https:\/\/www.slovokult-literatur.de\/wp-content\/uploads\/2025\/04\/E.-Kostadinovska-by-c-Peter-Zach-768x1336.jpg 768w, https:\/\/www.slovokult-literatur.de\/wp-content\/uploads\/2025\/04\/E.-Kostadinovska-by-c-Peter-Zach-883x1536.jpg 883w, https:\/\/www.slovokult-literatur.de\/wp-content\/uploads\/2025\/04\/E.-Kostadinovska-by-c-Peter-Zach-400x696.jpg 400w, https:\/\/www.slovokult-literatur.de\/wp-content\/uploads\/2025\/04\/E.-Kostadinovska-by-c-Peter-Zach-600x1043.jpg 600w, https:\/\/www.slovokult-literatur.de\/wp-content\/uploads\/2025\/04\/E.-Kostadinovska-by-c-Peter-Zach.jpg 897w\" sizes=\"(max-width: 173px) 100vw, 173px\" \/> <\/a><a href=\"https:\/\/www.slovokult-literatur.de\/wp-content\/uploads\/2025\/04\/Foto-Peter-Zach-scaled.jpg\"><img decoding=\"async\" loading=\"lazy\" class=\"alignnone wp-image-7039\" src=\"https:\/\/www.slovokult-literatur.de\/wp-content\/uploads\/2025\/04\/Foto-Peter-Zach-300x169.jpg\" alt=\"\" width=\"527\" height=\"297\" srcset=\"https:\/\/www.slovokult-literatur.de\/wp-content\/uploads\/2025\/04\/Foto-Peter-Zach-300x169.jpg 300w, https:\/\/www.slovokult-literatur.de\/wp-content\/uploads\/2025\/04\/Foto-Peter-Zach-1024x576.jpg 1024w, https:\/\/www.slovokult-literatur.de\/wp-content\/uploads\/2025\/04\/Foto-Peter-Zach-768x432.jpg 768w, https:\/\/www.slovokult-literatur.de\/wp-content\/uploads\/2025\/04\/Foto-Peter-Zach-1536x864.jpg 1536w, https:\/\/www.slovokult-literatur.de\/wp-content\/uploads\/2025\/04\/Foto-Peter-Zach-2048x1152.jpg 2048w, https:\/\/www.slovokult-literatur.de\/wp-content\/uploads\/2025\/04\/Foto-Peter-Zach-400x225.jpg 400w, https:\/\/www.slovokult-literatur.de\/wp-content\/uploads\/2025\/04\/Foto-Peter-Zach-600x338.jpg 600w\" sizes=\"(max-width: 527px) 100vw, 527px\" \/><\/a><\/p>\r\n<p>Photo by :: <strong>Peter Zach<\/strong> ::\u00a0Live at West Germany at SlovoKult :: Intersession :: Dezember 2024::\u00a0<\/p>\r\n\r\n\r\n\r\n\r\n\r\n<p><span style=\"color: inherit; font-size: 1.25em;\"><strong>is a multilingual poet, bilingual writer<\/strong> (Macedonian and German, sometimes English), <strong>interdisciplinary and experimental artist<\/strong> working with :: <strong>text + visual + sound art<\/strong> :: presenting them together in ::\u00a0<\/span><span style=\"color: inherit; font-size: 1.25em;\"><strong>multimedia performance<\/strong> :: including improvised <strong>sound<\/strong> + video projection of a visual artwork + multilingual polyphony of a same text\/poem &#8211; which is unique \/ avant-garde and her specialty :: with that concept since 2022 she collaborated for live performances with different sound artists on her project <a href=\"https:\/\/wortschmerz-noisedestotrotz.bandcamp.com\/track\/raum-space-spazio-experimental\">:: <strong>Wortschmerz\u00a0<\/strong><\/a><\/span><a href=\"https:\/\/wortschmerz-noisedestotrotz.bandcamp.com\/track\/raum-space-spazio-experimental\"><strong>\u2021<span class=\"Apple-converted-space\">\u00a0<\/span><\/strong><\/a><span style=\"color: inherit; font-size: 1.25em;\"><a href=\"https:\/\/wortschmerz-noisedestotrotz.bandcamp.com\/track\/raum-space-spazio-experimental\"><strong>noisedestotrotz<\/strong><\/a>\u00a0:: since 2025 also as solo project ::<\/span><\/p>\r\n<h4 class=\"wp-block-heading\">:: since 2024 working on abstract art with gouache + pen drawings on paper ::<\/h4>\r\n<h4><span style=\"color: inherit; font-size: 1.25em;\">::\u00a0<\/span><a href=\"https:\/\/www.slovokult-literatur.de\/index.php\/lyrik\/elizabeta-lindner-kostadinovska\/portfolio\/\"><strong>Experimental + Abstract ART PORTFOLIO\u00a0<\/strong><\/a><\/h4>\r\n\r\n\r\n\r\n<h3>aka <strong>Elizabeta\u00a0Lindner<\/strong><\/h3>\r\n<figure id=\"attachment_5165\" aria-describedby=\"caption-attachment-5165\" style=\"width: 582px\" class=\"wp-caption alignnone\"><a href=\"https:\/\/www.slovokult-literatur.de\/wp-content\/uploads\/2021\/05\/Elizabeta_Portraet-2.jpg\"><img decoding=\"async\" loading=\"lazy\" class=\"wp-image-5165\" src=\"https:\/\/www.slovokult-literatur.de\/wp-content\/uploads\/2021\/05\/Elizabeta_Portraet-2.jpg\" alt=\"\" width=\"582\" height=\"413\" srcset=\"https:\/\/www.slovokult-literatur.de\/wp-content\/uploads\/2021\/05\/Elizabeta_Portraet-2.jpg 845w, https:\/\/www.slovokult-literatur.de\/wp-content\/uploads\/2021\/05\/Elizabeta_Portraet-2-300x213.jpg 300w, https:\/\/www.slovokult-literatur.de\/wp-content\/uploads\/2021\/05\/Elizabeta_Portraet-2-768x544.jpg 768w, https:\/\/www.slovokult-literatur.de\/wp-content\/uploads\/2021\/05\/Elizabeta_Portraet-2-400x284.jpg 400w, https:\/\/www.slovokult-literatur.de\/wp-content\/uploads\/2021\/05\/Elizabeta_Portraet-2-600x425.jpg 600w\" sizes=\"(max-width: 582px) 100vw, 582px\" \/><\/a><figcaption id=\"caption-attachment-5165\" class=\"wp-caption-text\">Photo \/ Foto (c) Silvia Lorenz :: Brotfabrik Berlin :: Literatur in Wei\u00dfensee :: w. A. Graeff :: 2017<\/figcaption><\/figure>\r\n<p><strong>multi-awarded literary translator<\/strong> (since 2004 translated <a href=\"https:\/\/www.slovokult-literatur.de\/wp-content\/uploads\/2024\/03\/Elizabeta-Lindner-Kostadinovska-CV-EN-2024.pdf\">over 30 important books, mostly from German to Macedonian<\/a>), former\u00a0book co-editor\u00a0(together with Igor Isakovski for German literature, 2008-2015) at BLESOK, Skopje,\u00a0founder and editor of the <strong>SlovoKult bilingual online-magazines<\/strong> (<a href=\"http:\/\/www.slovokult.eu\" target=\"_blank\" rel=\"noopener\">Macedonian<\/a> since 2016; <a href=\"http:\/\/www.slovokult-literatur.de\">German\/English<\/a> since 2017), publisher at the small press with the same name\u00a0&#8211; known for the <strong>bilingual Book Series of selected poetry and art \u00a0<a href=\"https:\/\/www.slovokult-literatur.de\/index.php\/slovokult-slovothek\/\">SlovoKult :: Slovoteka<\/a> <\/strong>&#8211; \u00a0and artistic director of the <strong>biennial of contemporary arts :: <a href=\"https:\/\/www.slovokult-literatur.de\/index.php\/slovokult-literartour-biennale-for-contemporary-arts\/\" target=\"_blank\" rel=\"noreferrer noopener\" data-type=\"URL\" data-id=\"https:\/\/www.slovokult-literatur.de\/index.php\/slovokult-literartour-biennale-for-contemporary-arts\/\">SlovoKult :: literARtour<\/a>\u00a02018 + 2020 :<\/strong>: since 2022 transformed to<strong> interdisciplinary echtzeit \/ real-time art happenings<\/strong> presenting \u00a0live text+visual+sound art :: <strong>SlovoKult :: Closer<\/strong> (2022-20223) :: since 2023 :: \u00a0<strong>SlovoKult :: intersession at the resident venue :: West Germany in Berlin<\/strong><\/p>\r\n\r\n\r\n\r\n<h4><strong>:: Bio-Bibliographie (till 2023)<\/strong>\u00a0:: <strong><a href=\"http:\/\/www.literaturport.de\/wab\/Elizabeta.Lindner\/\" target=\"_blank\" rel=\"noopener\">Deutsch &#8211; Literaturport.de <\/a><\/strong>:: <a href=\"http:\/\/slovokult.de\/index.php?\/pages\/elizabeta_lindner.html\">Deutsch &#8211; SlovoKult<\/a> ::\u00a0<a href=\"https:\/\/www.literaturport.de\/wab\/person\/elizabeta-lindner\/en\/\" target=\"_blank\" rel=\"noopener\"><strong>English &#8211; Literaturport.de\u00a0<\/strong><\/a><\/h4>\r\n<h4>CV English PDF :: with Bibliography \/ mit Bibliographie :: <a href=\"https:\/\/www.slovokult-literatur.de\/wp-content\/uploads\/2024\/03\/Elizabeta-Lindner-Kostadinovska-CV-EN-2024.pdf\">Elizabeta Lindner Kostadinovska &#8211; CV &#8211; EN 2024<\/a><\/h4>\r\n<h4>Video :: <strong><a href=\"https:\/\/www.youtube.com\/channel\/UCHi2YvUH5PzzVzfhBofUxXg\" target=\"_blank\" rel=\"noopener\">Elizabeta Kostadinovska@Youtube\u00a0<\/a><\/strong>:: <a href=\"https:\/\/vimeo.com\/user66550101\" target=\"_blank\" rel=\"noopener\"><strong>@ Vimeo<\/strong><\/a><\/h4>\r\n<h4>Bandcamp ::\u00a0<a href=\"https:\/\/wortschmerz-noisedestotrotz.bandcamp.com\/track\/raum-space-spazio-experimental\" target=\"_blank\" rel=\"noopener\"><b>Wortschmerz \u2021 noisedestotrotz<span class=\"Apple-converted-space\">\u00a0 + Elizabeta Kostadinovska<\/span><\/b><\/a><\/h4>\r\n<h4>Facebook :: <a href=\"https:\/\/www.facebook.com\/elizinwonderworld\/\">Elizabeta Kostadinovska (artist profile)<\/a> :: <a href=\"https:\/\/www.facebook.com\/elizabeta.lindner\/\">Elizabeta Lindner (private and SlovoKult-Manager)<\/a><br \/><br \/>Insta :: @elizabeta_kostadinovska_berlin<\/h4>\r\n<h4><strong>Soundcloud :: <a href=\"https:\/\/soundcloud.com\/user-437368494\/tocante-electronics\" target=\"_blank\" rel=\"noopener\">Elizabeta Kostadinovska\u00a0<\/a><\/strong><\/h4>\r\n<h3>NEW ::\u00a0<\/h3>\r\n<h4>Exhibition and Publication in Vienna celebrating published works and unpublished manuscripts and notes by Thomas Bernhard ::<\/h4>\r\n<h4><img decoding=\"async\" loading=\"lazy\" class=\"size-medium wp-image-7311 alignleft\" src=\"https:\/\/www.slovokult-literatur.de\/wp-content\/uploads\/2026\/04\/Thomas-Bernhard_Flyer_105x210mm_26-02-23_Ansicht_FINAL-150x300.jpg\" alt=\"\" width=\"150\" height=\"300\" srcset=\"https:\/\/www.slovokult-literatur.de\/wp-content\/uploads\/2026\/04\/Thomas-Bernhard_Flyer_105x210mm_26-02-23_Ansicht_FINAL-150x300.jpg 150w, https:\/\/www.slovokult-literatur.de\/wp-content\/uploads\/2026\/04\/Thomas-Bernhard_Flyer_105x210mm_26-02-23_Ansicht_FINAL-512x1024.jpg 512w, https:\/\/www.slovokult-literatur.de\/wp-content\/uploads\/2026\/04\/Thomas-Bernhard_Flyer_105x210mm_26-02-23_Ansicht_FINAL-768x1536.jpg 768w, https:\/\/www.slovokult-literatur.de\/wp-content\/uploads\/2026\/04\/Thomas-Bernhard_Flyer_105x210mm_26-02-23_Ansicht_FINAL-1024x2048.jpg 1024w, https:\/\/www.slovokult-literatur.de\/wp-content\/uploads\/2026\/04\/Thomas-Bernhard_Flyer_105x210mm_26-02-23_Ansicht_FINAL-400x800.jpg 400w, https:\/\/www.slovokult-literatur.de\/wp-content\/uploads\/2026\/04\/Thomas-Bernhard_Flyer_105x210mm_26-02-23_Ansicht_FINAL-600x1200.jpg 600w, https:\/\/www.slovokult-literatur.de\/wp-content\/uploads\/2026\/04\/Thomas-Bernhard_Flyer_105x210mm_26-02-23_Ansicht_FINAL.jpg 1240w\" sizes=\"(max-width: 150px) 100vw, 150px\" \/> <img decoding=\"async\" loading=\"lazy\" class=\"size-medium wp-image-7310 alignleft\" src=\"https:\/\/www.slovokult-literatur.de\/wp-content\/uploads\/2026\/04\/Thomas-Bernhard_Flyer_105x210mm_26-02-23_Ansicht_FINAL-1-150x300.jpg\" alt=\"\" width=\"150\" height=\"300\" srcset=\"https:\/\/www.slovokult-literatur.de\/wp-content\/uploads\/2026\/04\/Thomas-Bernhard_Flyer_105x210mm_26-02-23_Ansicht_FINAL-1-150x300.jpg 150w, https:\/\/www.slovokult-literatur.de\/wp-content\/uploads\/2026\/04\/Thomas-Bernhard_Flyer_105x210mm_26-02-23_Ansicht_FINAL-1-512x1024.jpg 512w, https:\/\/www.slovokult-literatur.de\/wp-content\/uploads\/2026\/04\/Thomas-Bernhard_Flyer_105x210mm_26-02-23_Ansicht_FINAL-1-768x1536.jpg 768w, https:\/\/www.slovokult-literatur.de\/wp-content\/uploads\/2026\/04\/Thomas-Bernhard_Flyer_105x210mm_26-02-23_Ansicht_FINAL-1-1024x2048.jpg 1024w, https:\/\/www.slovokult-literatur.de\/wp-content\/uploads\/2026\/04\/Thomas-Bernhard_Flyer_105x210mm_26-02-23_Ansicht_FINAL-1-400x800.jpg 400w, https:\/\/www.slovokult-literatur.de\/wp-content\/uploads\/2026\/04\/Thomas-Bernhard_Flyer_105x210mm_26-02-23_Ansicht_FINAL-1-600x1200.jpg 600w, https:\/\/www.slovokult-literatur.de\/wp-content\/uploads\/2026\/04\/Thomas-Bernhard_Flyer_105x210mm_26-02-23_Ansicht_FINAL-1.jpg 1240w\" sizes=\"(max-width: 150px) 100vw, 150px\" \/><\/h4>\r\n<p>The Exhibition that opens on 29.04.26 presents projected quotes from the 40 Interviews with translators of Bernhard\u2019s works, which will be published in the book to the exhibition!<\/p>\r\n<p><strong>Elizabeta Lindner <\/strong>is one of those 40 translators, who were lucky to translate and deal with such an incredible thoughts and literary style of an outstanding writer in the world literature!<\/p>\r\n<h3>\u00a0<\/h3>\r\n<h3>Saatchi Art :: <a href=\"https:\/\/www.saatchiart.com\/en-de\/art\/Mixed-Media-Composition-of-War-in-Times-of-Love\/2404637\/13680483\/view\" target=\"_blank\" rel=\"noopener\">Artworks for sell\u00a0<\/a><\/h3>\r\n<h3><br \/>:: NEW WORKS :: 2025 + 2026<\/h3>\r\n<h4><strong>FIRST VIEW<\/strong> :: <a href=\"https:\/\/www.slovokult-literatur.de\/wp-content\/uploads\/2026\/03\/Portfolio-Abstract-Art.pdf\">Portfolio Abstract Art<\/a><\/h4>\r\n<h4>First gallery view and possibility to buy three of them :: Skopje ::<\/h4>\r\n<h4>Rudi Art Space ::\u00a0ul. Mitropolit Teodosij Gologanov br. 2<\/h4>\r\n<p><a href=\"https:\/\/www.slovokult-literatur.de\/wp-content\/uploads\/2026\/02\/Abstract-Drawings-Skopje-scaled.jpg\"><img decoding=\"async\" loading=\"lazy\" class=\"wp-image-7205  aligncenter\" src=\"https:\/\/www.slovokult-literatur.de\/wp-content\/uploads\/2026\/02\/Abstract-Drawings-Skopje-169x300.jpg\" alt=\"\" width=\"356\" height=\"632\" srcset=\"https:\/\/www.slovokult-literatur.de\/wp-content\/uploads\/2026\/02\/Abstract-Drawings-Skopje-169x300.jpg 169w, https:\/\/www.slovokult-literatur.de\/wp-content\/uploads\/2026\/02\/Abstract-Drawings-Skopje-576x1024.jpg 576w, https:\/\/www.slovokult-literatur.de\/wp-content\/uploads\/2026\/02\/Abstract-Drawings-Skopje-768x1365.jpg 768w, https:\/\/www.slovokult-literatur.de\/wp-content\/uploads\/2026\/02\/Abstract-Drawings-Skopje-864x1536.jpg 864w, https:\/\/www.slovokult-literatur.de\/wp-content\/uploads\/2026\/02\/Abstract-Drawings-Skopje-1152x2048.jpg 1152w, https:\/\/www.slovokult-literatur.de\/wp-content\/uploads\/2026\/02\/Abstract-Drawings-Skopje-400x711.jpg 400w, https:\/\/www.slovokult-literatur.de\/wp-content\/uploads\/2026\/02\/Abstract-Drawings-Skopje-600x1067.jpg 600w, https:\/\/www.slovokult-literatur.de\/wp-content\/uploads\/2026\/02\/Abstract-Drawings-Skopje-scaled.jpg 1440w\" sizes=\"(max-width: 356px) 100vw, 356px\" \/><\/a><\/p>\r\n<h3 style=\"text-align: left;\">:: art series :: ABSURD REALITY :: 17 works to date &#8211; ongoing ::\u00a0A4 :: gouache on black paper (360g or 250g)\u00a0<\/h3>\r\n<h3>:: Composition of &#8230; ::<\/h3>\r\n<h3 style=\"text-align: left;\">:: War in times of Love :: \u00a0:: Divine in a human world ::\u00a0<\/h3>\r\n<p><a href=\"https:\/\/www.slovokult-literatur.de\/wp-content\/uploads\/2025\/12\/Composition-of-war-and-love-small.png\"><img decoding=\"async\" loading=\"lazy\" class=\"alignleft wp-image-7114 size-medium\" src=\"https:\/\/www.slovokult-literatur.de\/wp-content\/uploads\/2025\/12\/Composition-of-war-and-love-small-210x300.png\" alt=\"\" width=\"210\" height=\"300\" srcset=\"https:\/\/www.slovokult-literatur.de\/wp-content\/uploads\/2025\/12\/Composition-of-war-and-love-small-210x300.png 210w, https:\/\/www.slovokult-literatur.de\/wp-content\/uploads\/2025\/12\/Composition-of-war-and-love-small-400x571.png 400w, https:\/\/www.slovokult-literatur.de\/wp-content\/uploads\/2025\/12\/Composition-of-war-and-love-small.png 572w\" sizes=\"(max-width: 210px) 100vw, 210px\" \/><\/a>\u00a0 \u00a0<a href=\"https:\/\/www.slovokult-literatur.de\/wp-content\/uploads\/2025\/12\/Composition-of-a-devine-in-a-human-world-small.png\"><img decoding=\"async\" loading=\"lazy\" class=\"alignnone wp-image-7118 size-medium\" src=\"https:\/\/www.slovokult-literatur.de\/wp-content\/uploads\/2025\/12\/Composition-of-a-devine-in-a-human-world-small-220x300.png\" alt=\"\" width=\"220\" height=\"300\" srcset=\"https:\/\/www.slovokult-literatur.de\/wp-content\/uploads\/2025\/12\/Composition-of-a-devine-in-a-human-world-small-220x300.png 220w, https:\/\/www.slovokult-literatur.de\/wp-content\/uploads\/2025\/12\/Composition-of-a-devine-in-a-human-world-small-400x546.png 400w, https:\/\/www.slovokult-literatur.de\/wp-content\/uploads\/2025\/12\/Composition-of-a-devine-in-a-human-world-small-600x819.png 600w, https:\/\/www.slovokult-literatur.de\/wp-content\/uploads\/2025\/12\/Composition-of-a-devine-in-a-human-world-small.png 659w\" sizes=\"(max-width: 220px) 100vw, 220px\" \/><\/a><\/p>\r\n<h4>PRINTS of these two artworks are available at EVENTS in\u00a0Berlin :: and soon in selected shops ::<\/h4>\r\n<h3>Some of the artworks are getting a poem :: <a href=\"https:\/\/www.slovokult-literatur.de\/index.php\/gedicht-und-gebilde-4\/63-elizabeta-kostadinovska-composition-in-text-visual-art\/\">Poem + Picture :: 63 :: at SlovoKult\u00a0<\/a><\/h3>\r\n<h3>+ soundtrack and performance in multilingual polyphony (coming soon)<\/h3>\r\n<h3>Latest Video :: Youtube :: Angstkulisse in multilingual polyphony + sound\u00a0<\/h3>\r\n<p><iframe loading=\"lazy\" title=\"Angstkulisse Teil 1 :: including live shorts and sound from rehearsal :: Berlin in October 2025 ::\" width=\"640\" height=\"360\" src=\"https:\/\/www.youtube.com\/embed\/9bw3iG62n1s?start=14&#038;feature=oembed\" frameborder=\"0\" allow=\"accelerometer; autoplay; clipboard-write; encrypted-media; gyroscope; picture-in-picture; web-share\" referrerpolicy=\"strict-origin-when-cross-origin\" allowfullscreen><\/iframe><\/p>\r\n<h4>DOKUMENTATIONS FROM SlovoKult :: intersession :: 2025 + other Materials are coming soon online ::<\/h4>\r\n<p>:: after amazing<strong> 2023<\/strong> with very special events:: <a href=\"https:\/\/www.slovokult-literatur.de\/index.php\/slovokult-live\/\"><em><strong>SlovoKult :: Closer<\/strong> <\/em>in <strong>Berlin (1xLaidak, 4xWest Germany)<\/strong><\/a> and <strong>SlovoKult :: Berlin<\/strong> in\u00a0<strong>Skopje (1x Bookva, KIC and MKC) &#8211; see video documentation at youtube &#8211; <a href=\"https:\/\/www.youtube.com\/@slovokultliterartour9104\" target=\"_blank\" rel=\"noopener\">SlovoKult :: Youtube channel <\/a>::\u00a0<\/strong><\/p>\r\n<p><strong>SOON TO BE PUBLISHED :: \u00a0long poem in German<\/strong>, planed to be published in 2023 :: <strong>Sprachspiele auf Schachspielbrett,\u00a0<\/strong>granted by the Akademie der K\u00fcnste, Berlin (see grants). To be published in 2024 or latest 2025 BUT &#8230; the times are unfriendly.for multitalented, disobedient female persons &#8230;<\/p>\r\n<p>:: <strong>FROM THE LIFE BEFORE<\/strong> ::\u00a0<\/p>\r\n<h3><a href=\"http:\/\/slovokult.de\/index.php?\/pages\/elizabeta_lindner.html\" target=\"_blank\" rel=\"noopener\"><strong>:: BOOK TRANSLATION &#8211; Bibliography ::<\/strong><\/a><\/h3>\r\n<h3>:: <a href=\"https:\/\/www.slovokult-literatur.de\/index.php\/lyrik\/elizabeta-lindner-kostadinovska\/interviews\/\">INTERVIEWS<\/a> ::<\/h3>\r\n<h4>Latest interview (2023) in Macedonian ::<strong>\u00a0by <a href=\"https:\/\/www.slobodenpecat.mk\/razgovor-so-multimedijalnata-umetnica-elizabeta-kostadinovska-lindner-postojano-dvizhenje-vo-sistemot-na-setilnosti\/\" target=\"_blank\" rel=\"noopener\">Toni Dimkov for Sloboden Pechat\u00a0<\/a><\/strong><\/h4>\r\n<h3>\r\n\r\n\r\n\r\n<\/h3>\r\n<h3 class=\"wp-block-heading\">:: <strong>PUBLICATIONS\u00a0<\/strong>::<\/h3>\r\n<p><a href=\"https:\/\/www.slovokult-literatur.de\/wp-content\/uploads\/2024\/02\/Sistem-na-setilnosti.png\"><img decoding=\"async\" loading=\"lazy\" class=\"alignleft wp-image-6795 size-medium\" src=\"https:\/\/www.slovokult-literatur.de\/wp-content\/uploads\/2024\/02\/Sistem-na-setilnosti-205x300.png\" alt=\"\" width=\"205\" height=\"300\" srcset=\"https:\/\/www.slovokult-literatur.de\/wp-content\/uploads\/2024\/02\/Sistem-na-setilnosti-205x300.png 205w, https:\/\/www.slovokult-literatur.de\/wp-content\/uploads\/2024\/02\/Sistem-na-setilnosti.png 399w\" sizes=\"(max-width: 205px) 100vw, 205px\" \/><\/a><\/p>\r\n<p>&nbsp;<\/p>\r\n<p>:: Collection of selected short stories from <strong>1995-2023<\/strong> :: originally written in <strong>Macedonian<\/strong> or <strong>translations from the German<\/strong> (original)<\/p>\r\n<p><strong>System of sensitivities<\/strong> :: 2023, Antolog Skopje<\/p>\r\n<p>Link to the publisher&#8217;s page :: <a href=\"https:\/\/antolog.mk\/product\/sistem-na-setilnosti\/\" target=\"_blank\" rel=\"noopener\"><strong>\u0421\u0438\u0441\u0442\u0435\u043c \u043d\u0430 \u0421\u0435\u0442\u0438\u043b\u043d\u043e\u0441\u0442\u0438\u00a0<\/strong><\/a><\/p>\r\n<p>&nbsp;<\/p>\r\n<p>&nbsp;<\/p>\r\n<pre><a href=\"http:\/\/www.slovokult-literatur.de\/wp-content\/uploads\/2022\/06\/Cover-Korica-ELK-.png\"><img decoding=\"async\" loading=\"lazy\" class=\"alignleft wp-image-5849 size-medium\" src=\"http:\/\/www.slovokult-literatur.de\/wp-content\/uploads\/2022\/06\/Cover-Korica-ELK--300x220.png\" alt=\"\" width=\"300\" height=\"220\" srcset=\"https:\/\/www.slovokult-literatur.de\/wp-content\/uploads\/2022\/06\/Cover-Korica-ELK--300x220.png 300w, https:\/\/www.slovokult-literatur.de\/wp-content\/uploads\/2022\/06\/Cover-Korica-ELK--1024x750.png 1024w, https:\/\/www.slovokult-literatur.de\/wp-content\/uploads\/2022\/06\/Cover-Korica-ELK--768x562.png 768w, https:\/\/www.slovokult-literatur.de\/wp-content\/uploads\/2022\/06\/Cover-Korica-ELK--400x293.png 400w, https:\/\/www.slovokult-literatur.de\/wp-content\/uploads\/2022\/06\/Cover-Korica-ELK--600x439.png 600w, https:\/\/www.slovokult-literatur.de\/wp-content\/uploads\/2022\/06\/Cover-Korica-ELK-.png 1072w\" sizes=\"(max-width: 300px) 100vw, 300px\" \/><\/a><br \/><a href=\"https:\/\/www.slovokult-literatur.de\/index.php\/produkt\/elizabeta-kostadinovska-lyrik-kunst\/\">Poetry + Art collection<\/a> :: <br \/>Zweisprachiger Gedichtband :: DE\/MK + Kunst ::\u00a0<br \/><a href=\"https:\/\/www.slovokult-literatur.de\/index.php\/produkt\/elizabeta-kostadinovska-lyrik-kunst\/\"><strong>Zweiz\u00e4hlig zu Besuch bei dem endlosen Abgrund<\/strong> <\/a>::<br \/>Art Equilibrium + SlovoKult, 2020<\/pre>\r\n<h3>\u00a0<\/h3>\r\n<h3>\u00a0<\/h3>\r\n<h3><strong>:: in German anthologies ::<\/strong><\/h3>\r\n<p><a href=\"https:\/\/www.slovokult-literatur.de\/wp-content\/uploads\/2026\/04\/Rrr-Regensburg.jpg\"><img decoding=\"async\" loading=\"lazy\" class=\"wp-image-7313 size-thumbnail alignleft\" src=\"https:\/\/www.slovokult-literatur.de\/wp-content\/uploads\/2026\/04\/Rrr-Regensburg-150x150.jpg\" alt=\"\" width=\"150\" height=\"150\" srcset=\"https:\/\/www.slovokult-literatur.de\/wp-content\/uploads\/2026\/04\/Rrr-Regensburg-150x150.jpg 150w, https:\/\/www.slovokult-literatur.de\/wp-content\/uploads\/2026\/04\/Rrr-Regensburg-300x300.jpg 300w, https:\/\/www.slovokult-literatur.de\/wp-content\/uploads\/2026\/04\/Rrr-Regensburg-100x100.jpg 100w\" sizes=\"(max-width: 150px) 100vw, 150px\" \/><\/a>Gedicht und Kurzgeschichte, <a href=\"https:\/\/www.giselaverlag.de\" target=\"_blank\" rel=\"noopener\"><b>Rrrr, Gisela Verlag Regensburg, 2018<\/b><\/a><\/p>\r\n<p>&nbsp;<\/p>\r\n<p>&nbsp;<\/p>\r\n<p>&nbsp;<\/p>\r\n<p><a href=\"https:\/\/www.slovokult-literatur.de\/wp-content\/uploads\/2026\/04\/Okkulte-Kunst.jpg\"><img decoding=\"async\" loading=\"lazy\" class=\"alignleft wp-image-7314 size-thumbnail\" src=\"https:\/\/www.slovokult-literatur.de\/wp-content\/uploads\/2026\/04\/Okkulte-Kunst-150x150.jpg\" alt=\"\" width=\"150\" height=\"150\" srcset=\"https:\/\/www.slovokult-literatur.de\/wp-content\/uploads\/2026\/04\/Okkulte-Kunst-150x150.jpg 150w, https:\/\/www.slovokult-literatur.de\/wp-content\/uploads\/2026\/04\/Okkulte-Kunst-300x300.jpg 300w, https:\/\/www.slovokult-literatur.de\/wp-content\/uploads\/2026\/04\/Okkulte-Kunst-100x100.jpg 100w\" sizes=\"(max-width: 150px) 100vw, 150px\" \/><\/a>Essay, <a href=\"https:\/\/www.transcript-verlag.de\/978-3-8376-4763-1\/okkulte-kunst\/\" target=\"_blank\" rel=\"noopener\"><b>Okkulte Kunst, Hrsg. Alexander Graeff, transcript Verlag Bielefeld, 2019<\/b><\/a><\/p>\r\n<h3>\u00a0<\/h3>\r\n<h3>:: in <a href=\"https:\/\/www.slovokult-literatur.de\/index.php\/lyrik\/elizabeta-lindner-kostadinovska\/publications-in-anthologies-magazines-etc\/\">Magazines etc. ::<\/a><\/h3>\r\n<p><strong>Latest Essay in German at :: <a href=\"https:\/\/www.telepolis.de\/article\/Von-Corona-bis-Gaza-Die-Erosion-unserer-Menschlichkeit-10492184.html\" target=\"_blank\" rel=\"noopener\">TELEPOLIS\u00a0<\/a><\/strong><\/p>\r\n<h3>\u00a0<\/h3>\r\n<h3>\r\n\r\n<\/h3>\r\n<h3 class=\"wp-block-heading\">:: ART :: KUNST ::<\/h3>\r\n<h3>\r\n\r\n<\/h3>\r\n<h3>:: Art Series :: Kunstreihe ::\u00a0<\/h3>\r\n<h3><a href=\"https:\/\/www.slovokult-literatur.de\/index.php\/lyrik\/elizabeta-lindner-kostadinovska\/volksbuehne\/\"><strong>1. Volksb\u00fchne :: collages with text :: since 2013 still ongoing<\/strong><\/a><\/h3>\r\n<h3><a href=\"https:\/\/www.slovokult-literatur.de\/index.php\/lyrik\/elizabeta-lindner-kostadinovska\/the-deconstructed-novel\/\"><strong>2. The Deconstructed Novel :: bilingual :: since 2017 still ongoing<\/strong><\/a><\/h3>\r\n<h3><strong>:: <a href=\"https:\/\/www.slovokult-literatur.de\/index.php\/lyrik\/elizabeta-lindner-kostadinovska\/ausstellungen-exhibitions\/\">Exhibitions<\/a> :: till 2023<\/strong><\/h3>\r\n<h3>\u00a0<\/h3>\r\n<h4><strong>:: Book Review <\/strong>in\u00a0German <strong>::\u00a0<\/strong><\/h4>\r\n<h4><strong>:: Eine erfreuliche Buchbesprechung\u00a0<\/strong>meiner Poesie :: <strong>Ladylike und kotzend&#8230;\u00a0<\/strong><\/h4>\r\n<h5>:: <strong>Stefan Heuer :: <\/strong>\u00fcber<img decoding=\"async\" loading=\"lazy\" class=\"size-medium wp-image-6426 alignleft\" src=\"https:\/\/www.slovokult-literatur.de\/wp-content\/uploads\/2023\/04\/Cover-Elizabeta-224x300.png\" alt=\"\" width=\"224\" height=\"300\" srcset=\"https:\/\/www.slovokult-literatur.de\/wp-content\/uploads\/2023\/04\/Cover-Elizabeta-224x300.png 224w, https:\/\/www.slovokult-literatur.de\/wp-content\/uploads\/2023\/04\/Cover-Elizabeta-400x536.png 400w, https:\/\/www.slovokult-literatur.de\/wp-content\/uploads\/2023\/04\/Cover-Elizabeta-600x804.png 600w, https:\/\/www.slovokult-literatur.de\/wp-content\/uploads\/2023\/04\/Cover-Elizabeta.png 671w\" sizes=\"(max-width: 224px) 100vw, 224px\" \/><strong>\u00a0Zweiz\u00e4hlig zu Besuch bei dem endlosen Abgrund<\/strong> :: f\u00fcr Signaturen-Magazin ::\u00a0Link :: <a href=\"https:\/\/signaturen-magazin.de\/elizabeta-kostadinovska--zweizaehlig-zu-besuch-bei-dem-endlosen-abgrund---.html\" target=\"_blank\" rel=\"noopener\"><strong>Signaturen-Magazin<\/strong><\/a><\/h5>\r\n<h4>\u00a0<\/h4>\r\n<p><strong><a href=\"https:\/\/www.slovokult-literatur.de\/index.php\/lyrik\/elizabeta-lindner-kostadinovska\/ausstellungen-exhibitions\/solo-exhibition-2017\/\"><img decoding=\"async\" loading=\"lazy\" class=\"alignleft wp-image-6374 size-medium\" src=\"http:\/\/www.slovokult-literatur.de\/wp-content\/uploads\/2023\/03\/Solo-Exhibition-Elizabeta--300x225.jpg\" alt=\"\" width=\"300\" height=\"225\" srcset=\"https:\/\/www.slovokult-literatur.de\/wp-content\/uploads\/2023\/03\/Solo-Exhibition-Elizabeta--300x225.jpg 300w, https:\/\/www.slovokult-literatur.de\/wp-content\/uploads\/2023\/03\/Solo-Exhibition-Elizabeta--1024x768.jpg 1024w, https:\/\/www.slovokult-literatur.de\/wp-content\/uploads\/2023\/03\/Solo-Exhibition-Elizabeta--768x576.jpg 768w, https:\/\/www.slovokult-literatur.de\/wp-content\/uploads\/2023\/03\/Solo-Exhibition-Elizabeta--1536x1152.jpg 1536w, https:\/\/www.slovokult-literatur.de\/wp-content\/uploads\/2023\/03\/Solo-Exhibition-Elizabeta--400x300.jpg 400w, https:\/\/www.slovokult-literatur.de\/wp-content\/uploads\/2023\/03\/Solo-Exhibition-Elizabeta--600x450.jpg 600w, https:\/\/www.slovokult-literatur.de\/wp-content\/uploads\/2023\/03\/Solo-Exhibition-Elizabeta-.jpg 2048w\" sizes=\"(max-width: 300px) 100vw, 300px\" \/><\/a>:: 2017 :: \u21d2 <a href=\"https:\/\/www.slovokult-literatur.de\/index.php\/lyrik\/elizabeta-lindner-kostadinovska\/ausstellungen-exhibitions\/solo-exhibition-2017\/\">PHOTO GALLERY<\/a><\/strong> :: <strong>Solo Exhibition :: From Berlin to Skopje<\/strong> :: Mai 2017 at Concept37, Skopje, Macedonia ::\u00a0awarded as :: Art Prize by Paratissima Skopje and Concept37 :: 2016<\/p>\r\n<p>behind me (10 of) :: the first 13 works &#8211; pre-works for the bilingual art series :: The deconstructed novel :: Die Leinwand\/\u041f\u043b\u0430\u0442\u043d\u043e\/The Canvas von\/\u043e\u0434\/by Benjamin Stein (German+Macedonian) ::\u00a0<\/p>\r\n<p>&nbsp;<\/p>\r\n<pre><br \/><br \/><br \/><a href=\"http:\/\/www.slovokult-literatur.de\/wp-content\/uploads\/2023\/03\/Vegvisir-Osten-Foto-T.S..jpg\"><img decoding=\"async\" loading=\"lazy\" class=\"wp-image-6303 size-medium alignleft\" src=\"http:\/\/www.slovokult-literatur.de\/wp-content\/uploads\/2023\/03\/Vegvisir-Osten-Foto-T.S.-300x283.jpg\" alt=\"\" width=\"300\" height=\"283\" srcset=\"https:\/\/www.slovokult-literatur.de\/wp-content\/uploads\/2023\/03\/Vegvisir-Osten-Foto-T.S.-300x283.jpg 300w, https:\/\/www.slovokult-literatur.de\/wp-content\/uploads\/2023\/03\/Vegvisir-Osten-Foto-T.S.-768x724.jpg 768w, https:\/\/www.slovokult-literatur.de\/wp-content\/uploads\/2023\/03\/Vegvisir-Osten-Foto-T.S.-400x377.jpg 400w, https:\/\/www.slovokult-literatur.de\/wp-content\/uploads\/2023\/03\/Vegvisir-Osten-Foto-T.S.-600x566.jpg 600w, https:\/\/www.slovokult-literatur.de\/wp-content\/uploads\/2023\/03\/Vegvisir-Osten-Foto-T.S..jpg 960w\" sizes=\"(max-width: 300px) 100vw, 300px\" \/><\/a>My Artwork <strong>Vegvisir<\/strong> :: <strong>2022<\/strong> :: <br \/>from the bilingual serial :: <br \/><a href=\"https:\/\/www.slovokult-literatur.de\/index.php\/lyrik\/elizabeta-lindner-kostadinovska\/the-deconstructed-novel\/\"><strong>The deconstructed novel The Canvas by Benjamin Stein<\/strong> <\/a><br \/>participated in ::\u00a0<br \/><strong>Osten Biennial of Drawing 2022 ::<\/strong> <br \/>Exhibition at the National Gallery Cifte Amam, <br \/>Skopje, Macedonia :: February 2023 :: <a style=\"font-family: Georgia, 'Times New Roman', 'Bitstream Charter', Times, serif;\" href=\"http:\/\/www.slovokult-literatur.de\/wp-content\/uploads\/2023\/03\/osten-biennial-of-drawing-skopje.jpg\"><img decoding=\"async\" loading=\"lazy\" class=\"wp-image-6300 size-medium aligncenter\" src=\"http:\/\/www.slovokult-literatur.de\/wp-content\/uploads\/2023\/03\/osten-biennial-of-drawing-skopje-300x200.jpg\" alt=\"\" width=\"300\" height=\"200\" srcset=\"https:\/\/www.slovokult-literatur.de\/wp-content\/uploads\/2023\/03\/osten-biennial-of-drawing-skopje-300x200.jpg 300w, https:\/\/www.slovokult-literatur.de\/wp-content\/uploads\/2023\/03\/osten-biennial-of-drawing-skopje-1024x682.jpg 1024w, https:\/\/www.slovokult-literatur.de\/wp-content\/uploads\/2023\/03\/osten-biennial-of-drawing-skopje-768x512.jpg 768w, https:\/\/www.slovokult-literatur.de\/wp-content\/uploads\/2023\/03\/osten-biennial-of-drawing-skopje-400x267.jpg 400w, https:\/\/www.slovokult-literatur.de\/wp-content\/uploads\/2023\/03\/osten-biennial-of-drawing-skopje-600x400.jpg 600w, https:\/\/www.slovokult-literatur.de\/wp-content\/uploads\/2023\/03\/osten-biennial-of-drawing-skopje.jpg 1280w\" sizes=\"(max-width: 300px) 100vw, 300px\" \/><\/a><\/pre>\r\n<h4>D\u00fcsseldorf ::<\/h4>\r\n<h4><a href=\"https:\/\/www.slovokult-literatur.de\/wp-content\/uploads\/2024\/03\/VS_East-meets-West.jpg\"><img decoding=\"async\" loading=\"lazy\" class=\"alignnone wp-image-6853 size-medium\" src=\"https:\/\/www.slovokult-literatur.de\/wp-content\/uploads\/2024\/03\/VS_East-meets-West-300x146.jpg\" alt=\"\" width=\"300\" height=\"146\" srcset=\"https:\/\/www.slovokult-literatur.de\/wp-content\/uploads\/2024\/03\/VS_East-meets-West-300x146.jpg 300w, https:\/\/www.slovokult-literatur.de\/wp-content\/uploads\/2024\/03\/VS_East-meets-West-1024x498.jpg 1024w, https:\/\/www.slovokult-literatur.de\/wp-content\/uploads\/2024\/03\/VS_East-meets-West-768x373.jpg 768w, https:\/\/www.slovokult-literatur.de\/wp-content\/uploads\/2024\/03\/VS_East-meets-West-1536x747.jpg 1536w, https:\/\/www.slovokult-literatur.de\/wp-content\/uploads\/2024\/03\/VS_East-meets-West-2048x995.jpg 2048w, https:\/\/www.slovokult-literatur.de\/wp-content\/uploads\/2024\/03\/VS_East-meets-West-400x194.jpg 400w, https:\/\/www.slovokult-literatur.de\/wp-content\/uploads\/2024\/03\/VS_East-meets-West-600x292.jpg 600w\" sizes=\"(max-width: 300px) 100vw, 300px\" \/><\/a> <a href=\"https:\/\/www.slovokult-literatur.de\/wp-content\/uploads\/2024\/03\/RS_East-meets-West.jpg\"><img decoding=\"async\" loading=\"lazy\" class=\"alignnone wp-image-6854 size-medium\" src=\"https:\/\/www.slovokult-literatur.de\/wp-content\/uploads\/2024\/03\/RS_East-meets-West-300x153.jpg\" alt=\"\" width=\"300\" height=\"153\" srcset=\"https:\/\/www.slovokult-literatur.de\/wp-content\/uploads\/2024\/03\/RS_East-meets-West-300x153.jpg 300w, https:\/\/www.slovokult-literatur.de\/wp-content\/uploads\/2024\/03\/RS_East-meets-West-1024x521.jpg 1024w, https:\/\/www.slovokult-literatur.de\/wp-content\/uploads\/2024\/03\/RS_East-meets-West-768x391.jpg 768w, https:\/\/www.slovokult-literatur.de\/wp-content\/uploads\/2024\/03\/RS_East-meets-West-1536x782.jpg 1536w, https:\/\/www.slovokult-literatur.de\/wp-content\/uploads\/2024\/03\/RS_East-meets-West-2048x1043.jpg 2048w, https:\/\/www.slovokult-literatur.de\/wp-content\/uploads\/2024\/03\/RS_East-meets-West-400x204.jpg 400w, https:\/\/www.slovokult-literatur.de\/wp-content\/uploads\/2024\/03\/RS_East-meets-West-600x305.jpg 600w\" sizes=\"(max-width: 300px) 100vw, 300px\" \/><\/a><br \/><br \/><br \/><br \/>:: <strong>Elizabeta Kostadinovska<\/strong>\u00a0and\u00a0<strong>SlovoKult<\/strong>\u00a0are participating in <br \/><strong>Poetry Expo 23<\/strong> <strong>:: by <a href=\"https:\/\/www.versopolis.com\">Versopolis<\/a><\/strong><br \/><br \/><a href=\"https:\/\/www.versopolis.com\"><img decoding=\"async\" loading=\"lazy\" class=\"wp-image-6198 alignleft\" src=\"http:\/\/www.slovokult-literatur.de\/wp-content\/uploads\/2022\/12\/poetry-expo-small-300x145.png\" alt=\"\" width=\"236\" height=\"114\" srcset=\"https:\/\/www.slovokult-literatur.de\/wp-content\/uploads\/2022\/12\/poetry-expo-small-300x145.png 300w, https:\/\/www.slovokult-literatur.de\/wp-content\/uploads\/2022\/12\/poetry-expo-small-400x193.png 400w, https:\/\/www.slovokult-literatur.de\/wp-content\/uploads\/2022\/12\/poetry-expo-small.png 524w\" sizes=\"(max-width: 236px) 100vw, 236px\" \/><\/a><img decoding=\"async\" loading=\"lazy\" class=\"wp-image-6208 alignleft\" src=\"http:\/\/www.slovokult-literatur.de\/wp-content\/uploads\/2023\/02\/Versopolis-Poetry-Expo-23-Elizabeta-Kostadinovska-300x196.png\" alt=\"\" width=\"202\" height=\"132\" srcset=\"https:\/\/www.slovokult-literatur.de\/wp-content\/uploads\/2023\/02\/Versopolis-Poetry-Expo-23-Elizabeta-Kostadinovska-300x196.png 300w, https:\/\/www.slovokult-literatur.de\/wp-content\/uploads\/2023\/02\/Versopolis-Poetry-Expo-23-Elizabeta-Kostadinovska-1024x669.png 1024w, https:\/\/www.slovokult-literatur.de\/wp-content\/uploads\/2023\/02\/Versopolis-Poetry-Expo-23-Elizabeta-Kostadinovska-768x502.png 768w, https:\/\/www.slovokult-literatur.de\/wp-content\/uploads\/2023\/02\/Versopolis-Poetry-Expo-23-Elizabeta-Kostadinovska-400x261.png 400w, https:\/\/www.slovokult-literatur.de\/wp-content\/uploads\/2023\/02\/Versopolis-Poetry-Expo-23-Elizabeta-Kostadinovska-600x392.png 600w, https:\/\/www.slovokult-literatur.de\/wp-content\/uploads\/2023\/02\/Versopolis-Poetry-Expo-23-Elizabeta-Kostadinovska.png 1028w\" sizes=\"(max-width: 202px) 100vw, 202px\" \/><br \/><br \/><br \/><br \/><br \/><br \/>Beitr\u00e4ge :: <a href=\"https:\/\/www.versopolis.com\/initiative\/poetry-expo-23\/content\/1318\/elizabeta-kostadinovska-presenting-on-poetry-expo-2023\" target=\"_blank\" rel=\"noopener\"><strong>Elizabeta Kostadinovska at Poetry Expo 23\u00a0<\/strong><\/a><br \/><br \/>my presentation :: <a href=\"https:\/\/www.versopolis.com\/initiative\/poetry-expo-23\/content\/1318\/elizabeta-kostadinovska-presenting-on-poetry-expo-2023\" target=\"_blank\" rel=\"noopener\"><strong>Elizabeta Kostadinovska at Poetry Expo 23\u00a0<\/strong><\/a><br \/><br \/><br \/><\/h4>\r\n<p><b>in March 2023 started the event series ::\u00a0<br \/>check the program ::\u00a0<\/b><a href=\"https:\/\/www.slovokult-literatur.de\/index.php\/slovokult-live\/\"><b>SlovoKult :: Closer<\/b><\/a><b><br \/><br \/><\/b><br \/><br \/>:: 2023 :: M\u00e4rz\/March<\/p>\r\n<h4>Meine neue Kolumne :: My new Column\u00a0<\/h4>\r\n<p><blockquote class=\"wp-embedded-content\" data-secret=\"HnrvmHKqg8\"><a href=\"https:\/\/www.slovokult-literatur.de\/index.php\/selbstbefragung\/\">Selbstbefragung :: Self-Inquiry<\/a><\/blockquote><iframe class=\"wp-embedded-content\" sandbox=\"allow-scripts\" security=\"restricted\" style=\"position: absolute; clip: rect(1px, 1px, 1px, 1px);\" title=\"&#8222;Selbstbefragung :: Self-Inquiry&#8220; &#8211; SlovoKult :: Berlin\" src=\"https:\/\/www.slovokult-literatur.de\/index.php\/selbstbefragung\/embed\/#?secret=V9NCEodExv#?secret=HnrvmHKqg8\" data-secret=\"HnrvmHKqg8\" width=\"600\" height=\"338\" frameborder=\"0\" marginwidth=\"0\" marginheight=\"0\" scrolling=\"no\"><\/iframe><\/p>\r\n<p>&nbsp;<\/p>\r\n<p><strong>:: 2022 ::\u00a0<\/strong><\/p>\r\n<p><strong>21.12.22<\/strong><\/p>\r\n<p><a href=\"https:\/\/www.ceatl.eu\/wp-content\/uploads\/2022\/12\/Counterpoint_2022_08.pdf\" target=\"_blank\" rel=\"noopener\"><img decoding=\"async\" loading=\"lazy\" class=\"alignleft wp-image-6091 size-medium\" src=\"https:\/\/www.slovokult-literatur.de\/wp-content\/uploads\/2022\/12\/FB-counterpoint-300x147.png\" sizes=\"(max-width: 300px) 100vw, 300px\" srcset=\"https:\/\/www.slovokult-literatur.de\/wp-content\/uploads\/2022\/12\/FB-counterpoint-300x147.png 300w, https:\/\/www.slovokult-literatur.de\/wp-content\/uploads\/2022\/12\/FB-counterpoint-1024x502.png 1024w, https:\/\/www.slovokult-literatur.de\/wp-content\/uploads\/2022\/12\/FB-counterpoint-768x376.png 768w, https:\/\/www.slovokult-literatur.de\/wp-content\/uploads\/2022\/12\/FB-counterpoint-400x196.png 400w, https:\/\/www.slovokult-literatur.de\/wp-content\/uploads\/2022\/12\/FB-counterpoint-600x294.png 600w, https:\/\/www.slovokult-literatur.de\/wp-content\/uploads\/2022\/12\/FB-counterpoint.png 1404w\" alt=\"\" width=\"300\" height=\"147\" \/><\/a>In the new issue of <a href=\"https:\/\/www.ceatl.eu\/wp-content\/uploads\/2022\/12\/Counterpoint_2022_08.pdf\"><strong>Counterpoint 8<\/strong><\/a> :: the CEATL\u2019European translator\u2019s e-zine,\u00a0on pages 30-33 you will find a text by <a href=\"https:\/\/www.slovokult-literatur.de\/index.php\/lyrik\/elizabeta-lindner-kostadinovska\/\"><strong>Elizabeta Lindner<\/strong><\/a> (SlovoKult founder) about translating poetry through learning a new language :: as well as for the specialty of multilingual polyphony which is part of the concept of the contemporary arts biennale :: <a href=\"https:\/\/www.slovokult-literatur.de\/index.php\/slovokult-literartour-biennale-for-contemporary-arts\/\"><strong>SlovoKult :: literARTour\u00a0<\/strong><\/a><\/p>\r\n<p>In der neuen Ausgabe von <a href=\"https:\/\/www.ceatl.eu\/wp-content\/uploads\/2022\/12\/Counterpoint_2022_08.pdf\" target=\"_blank\" rel=\"noopener\"><strong>Counterpoint 8<\/strong> <\/a>:: herausgegeben von :: Conseil Europ\u00e9en des Associations de Traducteurs Litt\u00e9raires, finden Sie auf den Seiten 30-33 einen Text von <a href=\"https:\/\/www.slovokult-literatur.de\/index.php\/lyrik\/elizabeta-lindner-kostadinovska\/\"><strong>Elizabeta Lindner<\/strong><\/a> \u00fcber das \u00dcbersetzen von Poesie durch das Erlernen einer neuen Sprache :: sowie \u00fcber die Besonderheit der mehrsprachigen Polyphonie, die Teil des Konzepts der Biennale f\u00fcr zeitgen\u00f6ssische K\u00fcnste :: <a href=\"https:\/\/www.slovokult-literatur.de\/index.php\/slovokult-literartour-biennale-for-contemporary-arts\/\"><strong>SlovoKult :: literARTour<\/strong><\/a><\/p>\r\n<p>&nbsp;<\/p>\r\n<h4>\u00a0<\/h4>\r\n<p>&nbsp;<\/p>\r\n<h3>:: LIVE PERFORMANCES ::<\/h3>\r\n<p><strong>:: 2022 ::<\/strong><\/p>\r\n<p>\u00a0<img decoding=\"async\" loading=\"lazy\" class=\"alignnone size-medium wp-image-6020\" src=\"http:\/\/www.slovokult-literatur.de\/wp-content\/uploads\/2022\/12\/Wortschmerz-noisedestotrotz-bild-300x52.jpg\" alt=\"\" width=\"300\" height=\"52\" srcset=\"https:\/\/www.slovokult-literatur.de\/wp-content\/uploads\/2022\/12\/Wortschmerz-noisedestotrotz-bild-300x52.jpg 300w, https:\/\/www.slovokult-literatur.de\/wp-content\/uploads\/2022\/12\/Wortschmerz-noisedestotrotz-bild-768x133.jpg 768w, https:\/\/www.slovokult-literatur.de\/wp-content\/uploads\/2022\/12\/Wortschmerz-noisedestotrotz-bild-400x69.jpg 400w, https:\/\/www.slovokult-literatur.de\/wp-content\/uploads\/2022\/12\/Wortschmerz-noisedestotrotz-bild-600x104.jpg 600w, https:\/\/www.slovokult-literatur.de\/wp-content\/uploads\/2022\/12\/Wortschmerz-noisedestotrotz-bild.jpg 849w\" sizes=\"(max-width: 300px) 100vw, 300px\" \/><\/p>\r\n<p>the name of the new project for collaborations between<\/p>\r\n<p><strong>Elizabeta Kostadinovska<\/strong> and a <strong>sound artist(s)<\/strong> ::<\/p>\r\n<p><strong>#1<\/strong> with <strong>Seht Zhan<\/strong> ::\u00a0<\/p>\r\n<p><img decoding=\"async\" loading=\"lazy\" class=\"alignnone size-medium wp-image-6019\" src=\"http:\/\/www.slovokult-literatur.de\/wp-content\/uploads\/2022\/12\/wortschmerz-noisedestotrotz-300x225.jpeg\" alt=\"\" width=\"300\" height=\"225\" srcset=\"https:\/\/www.slovokult-literatur.de\/wp-content\/uploads\/2022\/12\/wortschmerz-noisedestotrotz-300x225.jpeg 300w, https:\/\/www.slovokult-literatur.de\/wp-content\/uploads\/2022\/12\/wortschmerz-noisedestotrotz-1024x769.jpeg 1024w, https:\/\/www.slovokult-literatur.de\/wp-content\/uploads\/2022\/12\/wortschmerz-noisedestotrotz-768x577.jpeg 768w, https:\/\/www.slovokult-literatur.de\/wp-content\/uploads\/2022\/12\/wortschmerz-noisedestotrotz-1536x1154.jpeg 1536w, https:\/\/www.slovokult-literatur.de\/wp-content\/uploads\/2022\/12\/wortschmerz-noisedestotrotz-400x300.jpeg 400w, https:\/\/www.slovokult-literatur.de\/wp-content\/uploads\/2022\/12\/wortschmerz-noisedestotrotz-600x451.jpeg 600w, https:\/\/www.slovokult-literatur.de\/wp-content\/uploads\/2022\/12\/wortschmerz-noisedestotrotz.jpeg 2048w\" sizes=\"(max-width: 300px) 100vw, 300px\" \/><\/p>\r\n<p><strong><a href=\"https:\/\/www.youtube.com\/watch?v=YYYjh0uoE94&amp;t=118s\" target=\"_blank\" rel=\"noopener\">November 19 at xxxTeR<\/a>, Berlin<\/strong><\/p>\r\n<p><strong>July 15 at GARAGE<\/strong>, Berlin<\/p>\r\n<p><a href=\"https:\/\/www.youtube.com\/watch?v=0fRphDHayns\" target=\"_blank\" rel=\"noopener\"><strong>June 18 at West Germany<\/strong><\/a>, Berlin<\/p>\r\n<p><strong>:: SOLO ::<\/strong><\/p>\r\n<p><a href=\"https:\/\/www.youtube.com\/watch?v=ySsCCJdfa00\"><strong>February 26 at the Basement<\/strong><\/a> ::\u00a0SlovoKult special :: Dance out of now! :: Dance this! #3 ::<\/p>\r\n\r\n\r\n\r\n<h5 class=\"wp-block-heading\">:: 2021 ::<\/h5>\r\n<p>September ::<strong> SlovoKult goes Latvian<\/strong> :: Riga, 1983<\/p>\r\n<p>Oktober :: <strong>SlovoKult special<\/strong> and birthday :: Berlin, Hosek Contemporary<\/p>\r\n<h5><span style=\"font-size: 16px;\">27.03. ::\u00a0<\/span>SlovoKult :: literARTour (stream),<span style=\"font-size: 16px;\">\u00a0ACUD-Theater Berlin<\/span><\/h5>\r\n\r\n\r\n\r\n\r\n\r\n<h5 class=\"wp-block-heading\">:: 2020 ::<\/h5>\r\n<h5>SlovoKult :: literARTour<\/h5>\r\n\r\n\r\n\r\n<p>:: December :: ACUD-Theater Berlin :: stream<\/p>\r\n\r\n\r\n\r\n\r\n\r\n<p>:: September :: 04. Gevgelija :: 07. Skopje :: open air<\/p>\r\n\r\n\r\n\r\n<p>::<strong>\u00a0June :: <\/strong><\/p>\r\n\r\n\r\n\r\n<h5 class=\"wp-block-heading\"><a href=\"http:\/\/www.slovokult-literatur.de\/index.php\/lyrik\/elizabeta-lindner-kostadinovska\/abject-berlin-souterrain-sessions-3\/\">at Staalplaat ::\u00a0<span class=\"breaker-breaker\">Abject Berlin Souterrain Sessions #3<\/span><\/a><\/h5>\r\n\r\n\r\n\r\n<h5 class=\"wp-block-heading\"><a href=\"http:\/\/www.slovokult-literatur.de\/index.php\/lyrik\/elizabeta-lindner-kostadinovska\/prolog-offspace-iolux\/\">at Offspace iolux :: Prolog :: Ausstellung und Lesung zum 20. Heft<\/a><\/h5>\r\n\r\n\r\n\r\n<p>:: 2019 ::<\/p>\r\n<p>(will update soon)<\/p>\r\n\r\n\r\n\r\n<p>:: 2018 ::<\/p>\r\n<p>SlovoKult :: Gevgelija, Skopje, Berlin<\/p>\r\n<p>Prolog at Kule<\/p>\r\n<p>(will update soon)<\/p>\r\n\r\n\r\n\r\n<pre>:: 2017 ::<br \/><br \/>\r\n\r\n<br \/><br \/><strong><img decoding=\"async\" loading=\"lazy\" class=\"alignleft wp-image-283 size-thumbnail\" src=\"http:\/\/www.slovokult-literatur.de\/wp-content\/uploads\/2017\/12\/Bildschirmfoto-2017-12-14-um-03.50.37-150x150.png\" alt=\"\" width=\"150\" height=\"150\" srcset=\"https:\/\/www.slovokult-literatur.de\/wp-content\/uploads\/2017\/12\/Bildschirmfoto-2017-12-14-um-03.50.37-150x150.png 150w, https:\/\/www.slovokult-literatur.de\/wp-content\/uploads\/2017\/12\/Bildschirmfoto-2017-12-14-um-03.50.37-180x180.png 180w, https:\/\/www.slovokult-literatur.de\/wp-content\/uploads\/2017\/12\/Bildschirmfoto-2017-12-14-um-03.50.37-300x300.png 300w, https:\/\/www.slovokult-literatur.de\/wp-content\/uploads\/2017\/12\/Bildschirmfoto-2017-12-14-um-03.50.37-600x600.png 600w\" sizes=\"(max-width: 150px) 100vw, 150px\" \/>01.12.17<\/strong>\r\n\r\nAm <strong>09.12.17 @ 10 Jahre Prolog<\/strong> + <strong>Buchrelease Prolog X7<\/strong> \r\npr\u00e4sentiert sie ihre neue::\r\nText-Bild-Musik-Traum-Tanz Perfomance::\r\n<strong><a href=\"http:\/\/www.slovokult-literatur.de\/index.php\/lyrik\/elizabeta-lindner-kostadinovska\/kubus-unsre-form\/\">Kubus, unsre Form. traum urban. Inkubus, Sukkubus::<\/a>\r\n<\/strong><br \/><br \/>\r\n<strong>19. Februar :: Literatur in Wei\u00dfensee<\/strong> @ Brotfabrik :: Berlin\r\n:: Alexander Graeff :: host and author<\/pre>\r\n<figure class=\"alignleft is-resized\"><img decoding=\"async\" loading=\"lazy\" class=\"wp-image-5296\" src=\"https:\/\/www.slovokult-literatur.de\/wp-content\/uploads\/2021\/05\/Lesung_Mystik3-2-1024x683.jpg\" alt=\"\" width=\"240\" height=\"159\" srcset=\"https:\/\/www.slovokult-literatur.de\/wp-content\/uploads\/2021\/05\/Lesung_Mystik3-2-1024x683.jpg 1024w, https:\/\/www.slovokult-literatur.de\/wp-content\/uploads\/2021\/05\/Lesung_Mystik3-2-300x200.jpg 300w, https:\/\/www.slovokult-literatur.de\/wp-content\/uploads\/2021\/05\/Lesung_Mystik3-2-768x512.jpg 768w, https:\/\/www.slovokult-literatur.de\/wp-content\/uploads\/2021\/05\/Lesung_Mystik3-2-1536x1024.jpg 1536w, https:\/\/www.slovokult-literatur.de\/wp-content\/uploads\/2021\/05\/Lesung_Mystik3-2-2048x1365.jpg 2048w, https:\/\/www.slovokult-literatur.de\/wp-content\/uploads\/2021\/05\/Lesung_Mystik3-2-400x267.jpg 400w, https:\/\/www.slovokult-literatur.de\/wp-content\/uploads\/2021\/05\/Lesung_Mystik3-2-600x400.jpg 600w\" sizes=\"(max-width: 240px) 100vw, 240px\" \/><\/figure>\r\n<pre><br \/>topic :: Mystik\r\n\r\npoetry, short prose\r\nexperiment fun\r\nmultimedia dance<\/pre>\r\n\r\n\r\n\r\n<p>&nbsp;<\/p>\r\n\r\n\r\n\r\n<h3 class=\"wp-block-heading\">:: <strong>SlovoKult::Literatur\/a ::<\/strong><\/h3>\r\n\r\n\r\n\r\n<p>:: <strong>Collagen mit Text :: Collages with text ::<\/strong><\/p>\r\n\r\n\r\n\r\n<div class=\"wp-block-image\">\r\n<figure class=\"alignleft\"><a href=\"http:\/\/www.slovokult-literatur.de\/index.php\/gedicht-und-bild\/01-elizabeta-kostadinovska\/\"><img decoding=\"async\" loading=\"lazy\" width=\"150\" height=\"150\" class=\"wp-image-88\" src=\"http:\/\/www.slovokult-literatur.de\/wp-content\/uploads\/2017\/05\/Collage_Vanitas-F\u00fcr-Igor-Isakovski_SlovoKult-150x150.jpg\" alt=\"\" srcset=\"https:\/\/www.slovokult-literatur.de\/wp-content\/uploads\/2017\/05\/Collage_Vanitas-F\u00fcr-Igor-Isakovski_SlovoKult-150x150.jpg 150w, https:\/\/www.slovokult-literatur.de\/wp-content\/uploads\/2017\/05\/Collage_Vanitas-F\u00fcr-Igor-Isakovski_SlovoKult-180x180.jpg 180w, https:\/\/www.slovokult-literatur.de\/wp-content\/uploads\/2017\/05\/Collage_Vanitas-F\u00fcr-Igor-Isakovski_SlovoKult-300x300.jpg 300w, https:\/\/www.slovokult-literatur.de\/wp-content\/uploads\/2017\/05\/Collage_Vanitas-F\u00fcr-Igor-Isakovski_SlovoKult-600x600.jpg 600w\" sizes=\"(max-width: 150px) 100vw, 150px\" \/><\/a><\/figure>\r\n<\/div>\r\n\r\n\r\n\r\n<p><a href=\"http:\/\/www.slovokult-literatur.de\/index.php\/gedicht-und-bild\/01-elizabeta-kostadinovska\/\"><strong>Vanitas, Collage mit Text, 2014<\/strong><\/a> (f\u00fcr Igor Isakovski)<\/p>\r\n\r\n\r\n\r\n<p>&nbsp;<\/p>\r\n\r\n\r\n\r\n<p>&nbsp;<\/p>\r\n\r\n\r\n\r\n<p>&nbsp;<\/p>\r\n\r\n\r\n\r\n<pre class=\"wp-block-preformatted\"><img decoding=\"async\" loading=\"lazy\" class=\"wp-image-1088 size-thumbnail alignleft\" src=\"http:\/\/www.slovokult-literatur.de\/wp-content\/uploads\/2018\/07\/E.L.K._Vonzemen-Voznemir-B.B.--150x150.jpg\" alt=\"\" width=\"150\" height=\"150\" srcset=\"https:\/\/www.slovokult-literatur.de\/wp-content\/uploads\/2018\/07\/E.L.K._Vonzemen-Voznemir-B.B.--150x150.jpg 150w, https:\/\/www.slovokult-literatur.de\/wp-content\/uploads\/2018\/07\/E.L.K._Vonzemen-Voznemir-B.B.--180x180.jpg 180w, https:\/\/www.slovokult-literatur.de\/wp-content\/uploads\/2018\/07\/E.L.K._Vonzemen-Voznemir-B.B.--300x300.jpg 300w, https:\/\/www.slovokult-literatur.de\/wp-content\/uploads\/2018\/07\/E.L.K._Vonzemen-Voznemir-B.B.--600x600.jpg 600w\" sizes=\"(max-width: 150px) 100vw, 150px\" \/>\r\n\r\n<a href=\"http:\/\/www.slovokult-literatur.de\/index.php\/lyrik\/boshko-bozadzievski\/flugzeug-vogel\/\" target=\"_blank\" rel=\"noopener\"><strong>Collage mit:: Flugzeug-Vogel:: von Boshko Bozadzievski::<\/strong><\/a>\r\n\r\n\r\n<strong><a href=\"http:\/\/www.slovokult-literatur.de\/index.php\/lyrik\/boshko-bozadzievski\/flugzeug-vogel\/airplane-bird\/\" target=\"_blank\" rel=\"noopener\">Collage with:: Airplane-Bird:: by Boshko Bozadzievski<\/a><\/strong><\/pre>\r\n\r\n\r\n\r\n<h6 class=\"wp-block-heading\">:: <strong>Gedicht und Gebilde :<\/strong>: Poem and picture ::<\/h6>\r\n<h4><img decoding=\"async\" loading=\"lazy\" class=\"wp-image-5493 size-thumbnail alignleft\" src=\"https:\/\/www.slovokult-literatur.de\/wp-content\/uploads\/2021\/08\/3.-Thirty-150x150.jpg\" alt=\"\" width=\"150\" height=\"150\" srcset=\"https:\/\/www.slovokult-literatur.de\/wp-content\/uploads\/2021\/08\/3.-Thirty-150x150.jpg 150w, https:\/\/www.slovokult-literatur.de\/wp-content\/uploads\/2021\/08\/3.-Thirty-300x300.jpg 300w, https:\/\/www.slovokult-literatur.de\/wp-content\/uploads\/2021\/08\/3.-Thirty-100x100.jpg 100w\" sizes=\"(max-width: 150px) 100vw, 150px\" \/>\u00a0<a href=\"https:\/\/www.slovokult-literatur.de\/index.php\/lyrik\/elizabeta-lindner-kostadinovska\/13-liebeserklaerungen\/\">13 Liebes-Erkl\u00e4rungen :: I Ging und Indie<\/a><\/h4>\r\n<p>:: Experimentelles Gedicht mit Tanzperformance ::<\/p>\r\n<p>&nbsp;<\/p>\r\n<p>&nbsp;<\/p>\r\n\r\n\r\n\r\n<div class=\"wp-block-image\">\r\n<figure class=\"alignleft\"><img decoding=\"async\" loading=\"lazy\" width=\"150\" height=\"150\" class=\"wp-image-621\" src=\"http:\/\/www.slovokult-literatur.de\/wp-content\/uploads\/2018\/03\/Doroti_Packova-150x150.jpg\" alt=\"\" srcset=\"https:\/\/www.slovokult-literatur.de\/wp-content\/uploads\/2018\/03\/Doroti_Packova-150x150.jpg 150w, https:\/\/www.slovokult-literatur.de\/wp-content\/uploads\/2018\/03\/Doroti_Packova-180x180.jpg 180w, https:\/\/www.slovokult-literatur.de\/wp-content\/uploads\/2018\/03\/Doroti_Packova-300x300.jpg 300w\" sizes=\"(max-width: 150px) 100vw, 150px\" \/><\/figure>\r\n<\/div>\r\n\r\n\r\n\r\n<p><strong>08.03.18<\/strong><\/p>\r\n\r\n\r\n\r\n<p>Gedicht zum Internationalen Frauentag::<strong>auf Englisch::<\/strong><\/p>\r\n\r\n\r\n\r\n<pre class=\"wp-block-preformatted\"><strong><a href=\"http:\/\/www.slovokult-literatur.de\/index.php\/lyrik\/elizabeta-lindner-kostadinovska\/gendering-the-german-language\/\">::gendering the german language::<\/a><\/strong><\/pre>\r\n\r\n\r\n\r\n<p>Mit einem Bild von <strong>Doroti Pa\u010dkova<\/strong>::<\/p>\r\n\r\n\r\n\r\n<h3 class=\"wp-block-heading\">\u00a0<\/h3>\r\n<h3>::29::\u00a0<\/h3>\r\n\r\n\r\n\r\n<p><a href=\"http:\/\/www.slovokult-literatur.de\/index.php\/gedicht-und-bild\/2x20\/29-elizabeta-kostadinovska-dijana-tomik-radevska\/\"><strong>G\u00f6ttin<\/strong><\/a><\/p>\r\n\r\n\r\n<div class=\"wp-block-image wp-caption alignnone\">\r\n<figure id=\"attachment_2658\" class=\"alignleft\"><img decoding=\"async\" loading=\"lazy\" class=\"alignleft wp-image-2658 size-medium\" src=\"http:\/\/www.slovokult-literatur.de\/wp-content\/uploads\/2019\/03\/Dijana-Collage_SK-literARTour-klein-153x300.jpg\" alt=\"\" width=\"153\" height=\"300\" srcset=\"https:\/\/www.slovokult-literatur.de\/wp-content\/uploads\/2019\/03\/Dijana-Collage_SK-literARTour-klein-153x300.jpg 153w, https:\/\/www.slovokult-literatur.de\/wp-content\/uploads\/2019\/03\/Dijana-Collage_SK-literARTour-klein-768x1510.jpg 768w, https:\/\/www.slovokult-literatur.de\/wp-content\/uploads\/2019\/03\/Dijana-Collage_SK-literARTour-klein-521x1024.jpg 521w, https:\/\/www.slovokult-literatur.de\/wp-content\/uploads\/2019\/03\/Dijana-Collage_SK-literARTour-klein-400x787.jpg 400w\" sizes=\"(max-width: 153px) 100vw, 153px\" \/>Artwork <strong>:: Dijana Tomik Radevska:: Rezept<\/strong><\/figure><\/div>\r\n\r\n\r\n\r\n\r\n<figure><\/figure>\r\n<figure><\/figure>\r\n<figure><\/figure>\r\n<figure><\/figure>\r\n<figure><\/figure>\r\n<figure><\/figure>\r\n<figure><\/figure>\r\n<figure><\/figure>\r\n<figure><\/figure>\r\n<figure><\/figure>\r\n<figure><\/figure>\r\n<figure><\/figure>\r\n<figure><\/figure>\r\n<figure><\/figure>\r\n<figure><\/figure>\r\n<figure><\/figure>\r\n<figure><\/figure>\r\n<figure><\/figure>\r\n<figure><\/figure>\r\n<figure><\/figure>\r\n<figure><\/figure>\r\n<figure><\/figure>\r\n<figure class=\"wp-block-image\">\r\n<figure id=\"attachment_71\" aria-describedby=\"caption-attachment-71\" style=\"width: 225px\" class=\"wp-caption alignleft\"><a href=\"http:\/\/www.slovokult-literatur.de\/wp-content\/uploads\/2017\/05\/Vanitas-F\u00fcr-Igor-Isakovski-Broshura_predna.jpg\" target=\"_blank\" rel=\"noopener\"><img decoding=\"async\" loading=\"lazy\" class=\"wp-image-71 size-medium\" src=\"http:\/\/www.slovokult-literatur.de\/wp-content\/uploads\/2017\/05\/Vanitas-F\u00fcr-Igor-Isakovski-Broshura_predna-225x300.jpg\" alt=\"\" width=\"225\" height=\"300\" srcset=\"https:\/\/www.slovokult-literatur.de\/wp-content\/uploads\/2017\/05\/Vanitas-F\u00fcr-Igor-Isakovski-Broshura_predna-225x300.jpg 225w, https:\/\/www.slovokult-literatur.de\/wp-content\/uploads\/2017\/05\/Vanitas-F\u00fcr-Igor-Isakovski-Broshura_predna-768x1024.jpg 768w, https:\/\/www.slovokult-literatur.de\/wp-content\/uploads\/2017\/05\/Vanitas-F\u00fcr-Igor-Isakovski-Broshura_predna-400x533.jpg 400w\" sizes=\"(max-width: 225px) 100vw, 225px\" \/><\/a><figcaption id=\"caption-attachment-71\" class=\"wp-caption-text\">Vorderseite des Ausstellungskatalogs:: From Berlin to Skopje::<\/figcaption><\/figure>\r\n<\/figure>\r\n\r\n\r\n\r\n<h5 class=\"wp-block-heading\">\u00a0<\/h5>\r\n<h5>\u00a0<\/h5>\r\n<p>&nbsp;<\/p>\r\n\r\n\r\n\r\n<p>&nbsp;<\/p>\r\n","protected":false},"excerpt":{"rendered":"<p>Elizabeta Kostadinovska Photo by :: Peter Zach ::\u00a0Live at West Germany at SlovoKult :: Intersession :: Dezember 2024::\u00a0 is a multilingual poet, bilingual writer (Macedonian and German, sometimes English), interdisciplinary and experimental artist working with :: text + visual + [&hellip;]<\/p>\n","protected":false},"author":1,"featured_media":7118,"parent":2,"menu_order":0,"comment_status":"closed","ping_status":"closed","template":"","meta":{"footnotes":""},"_links":{"self":[{"href":"https:\/\/www.slovokult-literatur.de\/index.php\/wp-json\/wp\/v2\/pages\/151"}],"collection":[{"href":"https:\/\/www.slovokult-literatur.de\/index.php\/wp-json\/wp\/v2\/pages"}],"about":[{"href":"https:\/\/www.slovokult-literatur.de\/index.php\/wp-json\/wp\/v2\/types\/page"}],"author":[{"embeddable":true,"href":"https:\/\/www.slovokult-literatur.de\/index.php\/wp-json\/wp\/v2\/users\/1"}],"replies":[{"embeddable":true,"href":"https:\/\/www.slovokult-literatur.de\/index.php\/wp-json\/wp\/v2\/comments?post=151"}],"version-history":[{"count":334,"href":"https:\/\/www.slovokult-literatur.de\/index.php\/wp-json\/wp\/v2\/pages\/151\/revisions"}],"predecessor-version":[{"id":7331,"href":"https:\/\/www.slovokult-literatur.de\/index.php\/wp-json\/wp\/v2\/pages\/151\/revisions\/7331"}],"up":[{"embeddable":true,"href":"https:\/\/www.slovokult-literatur.de\/index.php\/wp-json\/wp\/v2\/pages\/2"}],"wp:featuredmedia":[{"embeddable":true,"href":"https:\/\/www.slovokult-literatur.de\/index.php\/wp-json\/wp\/v2\/media\/7118"}],"wp:attachment":[{"href":"https:\/\/www.slovokult-literatur.de\/index.php\/wp-json\/wp\/v2\/media?parent=151"}],"curies":[{"name":"wp","href":"https:\/\/api.w.org\/{rel}","templated":true}]}}