{"id":1079,"date":"2018-07-26T17:10:33","date_gmt":"2018-07-26T15:10:33","guid":{"rendered":"http:\/\/www.slovokult-literatur.de\/?page_id=1079"},"modified":"2020-01-13T18:19:55","modified_gmt":"2020-01-13T17:19:55","slug":"slovokult-literartour-2018","status":"publish","type":"page","link":"https:\/\/www.slovokult-literatur.de\/index.php\/slovokult-literartour-2018\/","title":{"rendered":"SlovoKult:: literARTour:: 2018"},"content":{"rendered":"<p><img decoding=\"async\" loading=\"lazy\" class=\"wp-image-1309 alignleft\" src=\"http:\/\/www.slovokult-literatur.de\/wp-content\/uploads\/2018\/08\/Plakat_SK-literARTour-small-219x300.png\" alt=\"\" width=\"250\" height=\"342\" srcset=\"https:\/\/www.slovokult-literatur.de\/wp-content\/uploads\/2018\/08\/Plakat_SK-literARTour-small-219x300.png 219w, https:\/\/www.slovokult-literatur.de\/wp-content\/uploads\/2018\/08\/Plakat_SK-literARTour-small-400x547.png 400w, https:\/\/www.slovokult-literatur.de\/wp-content\/uploads\/2018\/08\/Plakat_SK-literARTour-small.png 470w\" sizes=\"(max-width: 250px) 100vw, 250px\" \/><\/p>\n<p>Wir danken f\u00fcr die Unterst\u00fctzung in Mazedonien (bisher)::<\/p>\n<p><a href=\"http:\/\/www.berin.mk\/de\/\" target=\"_blank\" rel=\"noopener\"><img decoding=\"async\" loading=\"lazy\" class=\"alignnone wp-image-1156\" src=\"http:\/\/www.slovokult-literatur.de\/wp-content\/uploads\/2018\/07\/Berin_Logo.png\" alt=\"\" width=\"88\" height=\"27\" \/><\/a><\/p>\n<p>Wenn Ihr das Festival unterst\u00fctzen m\u00f6chtet, schreibt uns:: <strong>info@slovokult.de<\/strong><\/p>\n<p>Oder unterst\u00fctzt uns mit Spenden bei::<\/p>\n<p style=\"padding-left: 60px;\"><strong><a href=\"https:\/\/www.gofundme.com\/european-art-and-poetry-festival\" target=\"_blank\" rel=\"noopener\">::Go Fund Me::<\/a><\/strong><\/p>\n<p><strong>SlovoKult:: literARTour:: Gevgelija:: Skopje:: Berlin:: 2018<br \/>\n<a href=\"http:\/\/www.slovokult-literatur.de\/index.php\/slovokult-literartour-2018\/slovokult-literartour-2018-english\/\" target=\"_blank\" rel=\"noopener\">::English::\u00a0\u00a0<\/a><a href=\"http:\/\/www.slovokult.eu\/index.php\/slovokult-literartour-2018\/\" target=\"_blank\" rel=\"noopener\">::\u041c\u0430\u043a\u0435\u0434\u043e\u043d\u0441\u043a\u0438::<\/a><\/strong><\/p>\n<p>ist ein\u00a0kleines internationales Festival f\u00fcr Gegenwartskunst, -Text und -Lyrik. 2018 wird es zum ersten Mal in zwei L\u00e4ndern stattfinden:: <strong>Mazedonien<\/strong>::<\/p>\n<p><strong>24. -26. August inGevgelija<\/strong> &#8211; im Rahmen des <strong>Bosh Festivals<\/strong> <strong><a class=\"txt1\" href=\"http:\/\/boshfest.com\/\" target=\"_blank\" rel=\"nofollow noopener noreferrer\">http:\/\/boshfest.com<\/a>\u00a0\u00a0<\/strong><\/p>\n<p><strong>29.-30. August in Skopje &#8211; Galerie Akanthus.<\/strong><\/p>\n<p><strong>Deutschland::<br \/>\n09.und 10. November 2018 in Berlin, Brotfabrik.<\/strong><\/p>\n<p>Es ist eine<strong> Gruppenausstellung und Lyrik\/Kurzprosa\/Textfragmente -Lesung und -Performances <\/strong>zu einem aktuellen Thema \u2013 dieses erste Jahr zum Thema<strong>: <\/strong><\/p>\n<p><strong>Fake und Fakt \u2013 Die Wahrheit in der Gegenwartskunst und -Literatur in Zeiten von Fake news<\/strong><\/p>\n<p>&nbsp;<\/p>\n<p style=\"text-align: center;\"><strong>24.09.2018<\/strong><\/p>\n<p style=\"text-align: center;\">Wir bereiten die Veranstaltungen in Berlin vor und hier ist der Link f\u00fcr die Informationen:: Bis bald!<\/p>\n<blockquote class=\"wp-embedded-content\" data-secret=\"ZKDKqoDYRa\"><p><a href=\"http:\/\/www.slovokult-literatur.de\/index.php\/slovokult-literartour-2018\/berlin\/\">SlovoKult :: literARTour :: Berlin<\/a><\/p><\/blockquote>\n<p><iframe class=\"wp-embedded-content\" sandbox=\"allow-scripts\" security=\"restricted\" style=\"position: absolute; clip: rect(1px, 1px, 1px, 1px);\" src=\"http:\/\/www.slovokult-literatur.de\/index.php\/slovokult-literartour-2018\/berlin\/embed\/#?secret=ZKDKqoDYRa\" data-secret=\"ZKDKqoDYRa\" width=\"600\" height=\"338\" title=\"&#8222;SlovoKult :: literARTour :: Berlin&#8220; &#8212; SlovoKult::Literatur\/a\" frameborder=\"0\" marginwidth=\"0\" marginheight=\"0\" scrolling=\"no\"><\/iframe><\/p>\n<p>&nbsp;<\/p>\n<p style=\"text-align: center;\"><strong>10.09.2018<\/strong><\/p>\n<p><img decoding=\"async\" loading=\"lazy\" class=\"size-medium wp-image-1309 alignleft\" src=\"http:\/\/www.slovokult-literatur.de\/wp-content\/uploads\/2018\/08\/Plakat_SK-literARTour-small-219x300.png\" alt=\"\" width=\"219\" height=\"300\" srcset=\"https:\/\/www.slovokult-literatur.de\/wp-content\/uploads\/2018\/08\/Plakat_SK-literARTour-small-219x300.png 219w, https:\/\/www.slovokult-literatur.de\/wp-content\/uploads\/2018\/08\/Plakat_SK-literARTour-small-400x547.png 400w, https:\/\/www.slovokult-literatur.de\/wp-content\/uploads\/2018\/08\/Plakat_SK-literARTour-small.png 470w\" sizes=\"(max-width: 219px) 100vw, 219px\" \/><\/p>\n<p>Das Festival in Mazedonien war erfolgreich und gro\u00dfartig:: Wir danken den wunderbaren Teilnehmer*innen, Unterst\u00fctzer*innen und dem gro\u00dfartigen Publikum:: wir sehen uns in <strong>Berlin:: am 09 und 10.11.2018, in der Brotfabrik<\/strong><\/p>\n<p>::Fotografische Eindr\u00fccke aus Mazedonien findet Ihr online::<\/p>\n<p><a href=\"http:\/\/www.slovokult.eu\/index.php\/slovokult-literartour-2018\/slovokult-literartour-skopje\/\"><strong>::SlovoKult:: literARTour:: Skopje<\/strong><\/a><\/p>\n<p><a href=\"http:\/\/www.slovokult.eu\/index.php\/slovokult-literartour-2018\/slovokult-literartour-gevgelija\/\"><strong>::SlovoKult:: literARTour:: Gevgelija<\/strong><\/a><\/p>\n<p>&nbsp;<\/p>\n<p style=\"text-align: center;\"><strong>21.08.18<\/strong><\/p>\n<p><img decoding=\"async\" loading=\"lazy\" class=\"size-medium wp-image-1792 alignleft\" src=\"http:\/\/www.slovokult-literatur.de\/wp-content\/uploads\/2018\/08\/perspektive92-cover-500-213x300.jpg\" alt=\"\" width=\"213\" height=\"300\" srcset=\"https:\/\/www.slovokult-literatur.de\/wp-content\/uploads\/2018\/08\/perspektive92-cover-500-213x300.jpg 213w, https:\/\/www.slovokult-literatur.de\/wp-content\/uploads\/2018\/08\/perspektive92-cover-500-400x564.jpg 400w, https:\/\/www.slovokult-literatur.de\/wp-content\/uploads\/2018\/08\/perspektive92-cover-500.jpg 500w\" sizes=\"(max-width: 213px) 100vw, 213px\" \/><\/p>\n<p>Endlich, wenige Tage vor der Veranstaltung, pr\u00e4sentieren wir unsere besonderen G\u00e4ste:<br \/>\nDie Herausgeber der Zeitschrift <strong>perspektive<\/strong> aus Graz, \u00d6sterreich, mit B\u00fcro auch in Berlin :: Die Zeitschrift ver\u00f6ffentlicht zeitgen\u00f6ssische Texte, die von den Normen abweichen und individuell und eigenartig sind &#8211; eine Rarit\u00e4t, die f\u00fcr die gew\u00f6hnliche Literatur fast unbekannt ist, die alles &#8222;Andere&#8220; ablehnt und &#8222;Leichtigkeit&#8220; bevorzugt.<\/p>\n<p>Es ist eine wundervolle Welt, in der Tat &#8211; auch ohne Unterst\u00fctzung des Festivals haben wir herausragende G\u00e4ste aus der Literaturszene des deutschsprachigen Raums::<\/p>\n<p><strong>Silvia Stecher and ralf b. korte<\/strong> :: <strong>kurzvita und text::<\/strong><\/p>\n<p style=\"padding-left: 270px;\"><img decoding=\"async\" loading=\"lazy\" class=\"wp-image-1796 size-thumbnail alignleft\" src=\"http:\/\/www.slovokult-literatur.de\/wp-content\/uploads\/2018\/08\/Silvia-Stecher-150x150.png\" alt=\"\" width=\"150\" height=\"150\" srcset=\"https:\/\/www.slovokult-literatur.de\/wp-content\/uploads\/2018\/08\/Silvia-Stecher-150x150.png 150w, https:\/\/www.slovokult-literatur.de\/wp-content\/uploads\/2018\/08\/Silvia-Stecher-180x180.png 180w, https:\/\/www.slovokult-literatur.de\/wp-content\/uploads\/2018\/08\/Silvia-Stecher-300x300.png 300w\" sizes=\"(max-width: 150px) 100vw, 150px\" \/><\/p>\n<p>&nbsp;<\/p>\n<p><a href=\"http:\/\/www.slovokult-literatur.de\/index.php\/slovokult-literartour-2018\/teilnehmer-particpipants\/silvia-stecher\/\" target=\"_blank\" rel=\"noopener\"><strong>Silvia Stecher::<\/strong><\/a><\/p>\n<p>&nbsp;<\/p>\n<p style=\"padding-left: 270px;\"><img decoding=\"async\" loading=\"lazy\" class=\"wp-image-1820 size-thumbnail alignleft\" src=\"http:\/\/www.slovokult-literatur.de\/wp-content\/uploads\/2018\/08\/ralf-b.-korte-150x150.jpeg\" alt=\"\" width=\"150\" height=\"150\" srcset=\"https:\/\/www.slovokult-literatur.de\/wp-content\/uploads\/2018\/08\/ralf-b.-korte-150x150.jpeg 150w, https:\/\/www.slovokult-literatur.de\/wp-content\/uploads\/2018\/08\/ralf-b.-korte-180x180.jpeg 180w, https:\/\/www.slovokult-literatur.de\/wp-content\/uploads\/2018\/08\/ralf-b.-korte-300x300.jpeg 300w, https:\/\/www.slovokult-literatur.de\/wp-content\/uploads\/2018\/08\/ralf-b.-korte-600x600.jpeg 600w\" sizes=\"(max-width: 150px) 100vw, 150px\" \/><\/p>\n<p>&nbsp;<\/p>\n<p><strong><a href=\"http:\/\/www.slovokult-literatur.de\/index.php\/slovokult-literartour-2018\/teilnehmer-particpipants\/ralf-b-korte\/\" target=\"_blank\" rel=\"noopener\">ralf b. korte \u00a0<\/a> \u00a0<\/strong><\/p>\n<p>&nbsp;<\/p>\n<p>&nbsp;<\/p>\n<p>&nbsp;<\/p>\n<p style=\"text-align: center;\"><strong>19.08.18<\/strong><\/p>\n<p><img decoding=\"async\" loading=\"lazy\" class=\" wp-image-1740 alignleft\" src=\"http:\/\/www.slovokult-literatur.de\/wp-content\/uploads\/2018\/08\/Dijana-Tomik-Hit-the-road-300x217.jpg\" alt=\"\" width=\"368\" height=\"266\" srcset=\"https:\/\/www.slovokult-literatur.de\/wp-content\/uploads\/2018\/08\/Dijana-Tomik-Hit-the-road-300x217.jpg 300w, https:\/\/www.slovokult-literatur.de\/wp-content\/uploads\/2018\/08\/Dijana-Tomik-Hit-the-road-768x557.jpg 768w, https:\/\/www.slovokult-literatur.de\/wp-content\/uploads\/2018\/08\/Dijana-Tomik-Hit-the-road-1024x742.jpg 1024w, https:\/\/www.slovokult-literatur.de\/wp-content\/uploads\/2018\/08\/Dijana-Tomik-Hit-the-road-400x290.jpg 400w\" sizes=\"(max-width: 368px) 100vw, 368px\" \/>Unser Festival in Mazedonien blieb ohne Unterst\u00fctzung und wir mussten leider auf gro\u00dfartige Autoren und K\u00fcnstler verzichten, die wir sehr gerne dabei h\u00e4tten :: Deswegen pr\u00e4sentieren wir Gedichte von ihnen online und auch auf dem Festival::<\/p>\n<p>&nbsp;<\/p>\n<p><a href=\"http:\/\/www.slovokult-literatur.de\/index.php\/lyrik\/thomas-antonic\/\" target=\"_blank\" rel=\"noopener\">::<strong>Thomas Antonic:: <\/strong>aus dem Gedichtband::<\/a><br \/>\n<a href=\"http:\/\/www.slovokult-literatur.de\/index.php\/lyrik\/thomas-antonic\/\" target=\"_blank\" rel=\"noopener\"><strong>FLACKERNDE FELSBILDER\u00a0\u00dcBLER NACHTV\u00d6GEL::<\/strong><\/a><\/p>\n<p>Mit einem Bild von:: <strong>Dijana Tomic Radevska<\/strong>:: Bei uns ist sie mit mehreren Kunstwerken vertreten, die wir Euch hier vorstellen werden:: eine gro\u00dfartige K\u00fcnstlerin, die wir als Redakteurin f\u00fcr Kunst gewinnen konnten und der wir an dieser Stelle danken:: F\u00fcr das Plakatt, f\u00fcr das ausgesprochen professionelle und wunderbare Engagement:: Ohne sie w\u00e4re die Gruppenausstellung des Festivals viel kleiner, viel komplizierter oder vielleicht sogar unm\u00f6glich:: DANKE Dijana! Wir freuen uns, dass sie in allen St\u00e4dten dabei ist &#8211; als K\u00fcnstlerin, Kuratorin und Ausstellungsleiterin!<\/p>\n<p style=\"text-align: center;\"><strong>18.08.18<\/strong><\/p>\n<p><img decoding=\"async\" loading=\"lazy\" class=\"size-medium wp-image-1712 alignleft\" src=\"http:\/\/www.slovokult-literatur.de\/wp-content\/uploads\/2018\/08\/Miro-Masin-enchant\u00e9-serial-300x181.jpg\" alt=\"\" width=\"300\" height=\"181\" srcset=\"https:\/\/www.slovokult-literatur.de\/wp-content\/uploads\/2018\/08\/Miro-Masin-enchant\u00e9-serial-300x181.jpg 300w, https:\/\/www.slovokult-literatur.de\/wp-content\/uploads\/2018\/08\/Miro-Masin-enchant\u00e9-serial-768x463.jpg 768w, https:\/\/www.slovokult-literatur.de\/wp-content\/uploads\/2018\/08\/Miro-Masin-enchant\u00e9-serial-1024x618.jpg 1024w, https:\/\/www.slovokult-literatur.de\/wp-content\/uploads\/2018\/08\/Miro-Masin-enchant\u00e9-serial-400x241.jpg 400w\" sizes=\"(max-width: 300px) 100vw, 300px\" \/>Wir werden die Lyrik von <strong>Igor Isakovski<\/strong> feiern:: wir werden Gedichte von ihm in <strong>Skopje und in Berlin<\/strong> lesen::<\/p>\n<p>Ein Kunstwerk von der Serie:: Enchant\u00e9:: von <strong>Miro Masin<\/strong>:: wird an den Ausstellungen in <strong>Gevgelija und Skopje<\/strong> teilnehmen::<\/p>\n<p>Mehr Gedichte von <strong>Isakovski<\/strong> und Werke von <strong>Masin<\/strong> findet Ihr bei uns::<\/p>\n<blockquote class=\"wp-embedded-content\" data-secret=\"lc74Ac85Q2\"><p><a href=\"http:\/\/www.slovokult-literatur.de\/index.php\/lyrik\/igor-isakovski\/\">Igor Isakovski<\/a><\/p><\/blockquote>\n<p><iframe class=\"wp-embedded-content\" sandbox=\"allow-scripts\" security=\"restricted\" style=\"position: absolute; clip: rect(1px, 1px, 1px, 1px);\" src=\"http:\/\/www.slovokult-literatur.de\/index.php\/lyrik\/igor-isakovski\/embed\/#?secret=lc74Ac85Q2\" data-secret=\"lc74Ac85Q2\" width=\"600\" height=\"338\" title=\"&#8222;Igor Isakovski&#8220; &#8212; SlovoKult::Literatur\/a\" frameborder=\"0\" marginwidth=\"0\" marginheight=\"0\" scrolling=\"no\"><\/iframe><\/p>\n<p style=\"text-align: center;\"><strong>17.08.18<\/strong><\/p>\n<p><img decoding=\"async\" loading=\"lazy\" class=\"size-medium wp-image-1693 alignleft\" src=\"http:\/\/www.slovokult-literatur.de\/wp-content\/uploads\/2018\/08\/Katrin-Salentin-14-2-1-300x225.png\" alt=\"\" width=\"300\" height=\"225\" srcset=\"https:\/\/www.slovokult-literatur.de\/wp-content\/uploads\/2018\/08\/Katrin-Salentin-14-2-1-300x225.png 300w, https:\/\/www.slovokult-literatur.de\/wp-content\/uploads\/2018\/08\/Katrin-Salentin-14-2-1-768x577.png 768w, https:\/\/www.slovokult-literatur.de\/wp-content\/uploads\/2018\/08\/Katrin-Salentin-14-2-1-400x300.png 400w, https:\/\/www.slovokult-literatur.de\/wp-content\/uploads\/2018\/08\/Katrin-Salentin-14-2-1.png 787w\" sizes=\"(max-width: 300px) 100vw, 300px\" \/>Werke von <strong>Katrin Salentin<\/strong> :: werden an den Ausstellungen in allen drei St\u00e4dten dabei sein :: <strong>Gevgelija, :: Skopje :: Berlin<\/strong> (hier wird sie pers\u00f6nlich anwesend sein) ::<\/p>\n<p>Katrins Kunst ist von Anfang an Teil unserer Inhalte: Diese Arbeit ist sogar zu unserem Profilbild auf Facebook geworden! Ihre Arbeiten wurden zusammen mit Gedichten von\u00a0<strong>Aleksandra Dimitrova &#8211; Sash <\/strong>ver\u00f6ffentlicht, die dieses Jahr leider nicht am Festival teilnehmen wird, &#8211; aber wahrscheinlich n\u00e4chstes! Und in der Rubrik :: <strong>Gedicht und Bild<\/strong> mit einem Gedicht von: <strong>Andrej Al-Asadi, Peter Shulej.<\/strong><\/p>\n<p>Bei <a href=\"http:\/\/www.slovokult.eu\/index.php\/avtori\/poezija\/aleksandra-dimitrova-sash-katrin-salentin\/\" target=\"_blank\" rel=\"noopener\"><strong>SlovoKult :: Mazedonisch<\/strong><\/a><\/p>\n<p>Bei <a href=\"http:\/\/www.slovokult-literatur.de\/index.php\/gedicht-und-bild\/14-aleksandra-dimitrova\/\" target=\"_blank\" rel=\"noopener\"><strong>SlovoKult :: Deutsch<\/strong><\/a><\/p>\n<p><a href=\"https:\/\/www.katrinsalentin.de\" target=\"_blank\" rel=\"noopener\"><strong>:: Webseite der K\u00fcnstlerin::<\/strong><\/a><\/p>\n<p style=\"text-align: center;\"><strong>16.08.18<\/strong><\/p>\n<p>Wir haben ein Festival Manifest: vorerst nur auf Mazedonisch, aber hier ist ein Auszug\u00a0::<\/p>\n<p><img decoding=\"async\" loading=\"lazy\" class=\"size-medium wp-image-1679 alignleft\" src=\"http:\/\/www.slovokult-literatur.de\/wp-content\/uploads\/2018\/08\/reste-aus-der-post-end-zeit_klein-225x300.jpg\" alt=\"\" width=\"225\" height=\"300\" srcset=\"https:\/\/www.slovokult-literatur.de\/wp-content\/uploads\/2018\/08\/reste-aus-der-post-end-zeit_klein-225x300.jpg 225w, https:\/\/www.slovokult-literatur.de\/wp-content\/uploads\/2018\/08\/reste-aus-der-post-end-zeit_klein-768x1024.jpg 768w, https:\/\/www.slovokult-literatur.de\/wp-content\/uploads\/2018\/08\/reste-aus-der-post-end-zeit_klein-400x533.jpg 400w, https:\/\/www.slovokult-literatur.de\/wp-content\/uploads\/2018\/08\/reste-aus-der-post-end-zeit_klein.jpg 1181w\" sizes=\"(max-width: 225px) 100vw, 225px\" \/>&#8222;Wir trotzen der Geschichte, trotzen der B\u00fcrokratie, trotzen dem Nationalismus und dem Faschismus, trotzen einer unmenschlichen europ\u00e4ischen Politik, in der wir alle menschliche Versuchskaninchen sind. Das Bewusstsein ist erschaffen, um es zu erh\u00f6hen! Bleiben Sie nicht auf der Ebene eines menschlichen Versuchskaninchens, suchen und erwarten Sie mehr von dem Leben, der Kunst, Literatur, Kultur, Politik und Gesellschaft &#8211; im 21. Jahrhundert ist es das mindeste, was von ein*em\/er europ\u00e4ischen B\u00fcrger\/in erwartet wird. Die Europ\u00e4isierung des Balkans hat im politischen Sinne noch keine Fortschritte gebracht, und die Kultur der Balkanl\u00e4nder ist im Westen wenig vertreten, also ist es vielleicht an der Zeit, Europa zu balkanisieren. Der Balkan ist die Vorstellung von &#8222;Wildheit&#8220;, Emotion, Aufrichtigkeit, Herzlichkeit, Vorstellung vom Kampf ums Leben, etwas, das Westeuropa schon l\u00e4ngst vergessen hat. Der Balkan ist NICHT FAKE :: Der Balkan ist FAKT :: der immer Teil einer gro\u00dfen europ\u00e4ischen L\u00fcge wird :: NEIN! Der Balkan ist nicht das Pulverfass* Europas! Der Balkan ist sein wahrer und realer Raum, und nicht sein Hinterhof, diese L\u00fccke, weder hier noch dort, der dreckige Balkan, getrennt und der Gleichheit unw\u00fcrdig.&#8220;<\/p>\n<p>Mit diesem <strong>NEIN<\/strong> freuen wir uns in unseren <strong>Ausstellungen<\/strong> auf die Arbeit <strong>:: \u041e\u0425I :: \u038c\u03c7\u03b9 :: \u041e\u0425\u0418 ::<\/strong> vom <strong>Berliner K\u00fcnstler zettelmann ::<\/strong><\/p>\n<p>Bild oben :: ein weiteres Werk des K\u00fcnstlers :: aus der Serie :: <a href=\"http:\/\/pataphysik.org\/2015\/09\/06\/objekte-bricollagen-dinge-die-man-irgendwo-hinstellen-kann\/\" target=\"_blank\" rel=\"noopener\"><strong>Gegenwerte :: Objekte, Bricollagen, Dinge, die man irgendwo hinstellen kann<\/strong><\/a><\/p>\n<p>* auch ein <strong>Theaterst\u00fcck und Film von Dejan Dukovski<\/strong>, der in einem :: <strong><a href=\"http:\/\/www.slovokult.de\/index.php?\/pages\/interview-dejan-dukovski.html\" target=\"_blank\" rel=\"noopener\">Interview f\u00fcr SlovoKult 2008<\/a> <\/strong>sagte ::<\/p>\n<p>&#8222;Ich m\u00f6chte an dieser Stelle noch einmal erw\u00e4hnen, dass die klischeehafte und oberfl\u00e4chliche Betrachtung des Balkans ein gro\u00dfes Problem Europas ist. In diesem Sinne m\u00f6chte ich auch betonen, dass der Ausgangspunkt dieses St\u00fcckes eigentlich das Konzept des ehemaligen Jugoslawiens darstellt, und zwar das des vereinten Jugoslawiens, das ist genau das, was Europa jetzt aufbaut und was wir bereits zerst\u00f6rt haben. Aber wir d\u00fcrfen als \u201eBalkan\u201c deswegen nicht auf den Zoologischen Garten Europas reduziert werden (lacht).&#8220;<\/p>\n<p style=\"text-align: center;\"><strong style=\"text-align: center;\">13.08.18<\/strong><\/p>\n<p><img decoding=\"async\" loading=\"lazy\" class=\"size-medium wp-image-470 alignleft\" src=\"http:\/\/www.slovokult-literatur.de\/wp-content\/uploads\/2017\/12\/Gjorgje_Za-SlovoKult.13-300x225.jpg\" alt=\"\" width=\"300\" height=\"225\" srcset=\"https:\/\/www.slovokult-literatur.de\/wp-content\/uploads\/2017\/12\/Gjorgje_Za-SlovoKult.13-300x225.jpg 300w, https:\/\/www.slovokult-literatur.de\/wp-content\/uploads\/2017\/12\/Gjorgje_Za-SlovoKult.13-768x576.jpg 768w, https:\/\/www.slovokult-literatur.de\/wp-content\/uploads\/2017\/12\/Gjorgje_Za-SlovoKult.13-1024x768.jpg 1024w, https:\/\/www.slovokult-literatur.de\/wp-content\/uploads\/2017\/12\/Gjorgje_Za-SlovoKult.13-400x300.jpg 400w, https:\/\/www.slovokult-literatur.de\/wp-content\/uploads\/2017\/12\/Gjorgje_Za-SlovoKult.13.jpg 1100w\" sizes=\"(max-width: 300px) 100vw, 300px\" \/><\/p>\n<p>Seine Werke werden Teil der Ausstellungen in Gevgelija und <strong>Skopje<\/strong> sein :: Und in Berlin wird er <strong>einer der f\u00fcnf mazedonischen Teilnehmer<\/strong> sein, die pers\u00f6nlich am Festival teilnehmen werden ::<\/p>\n<p><a href=\"http:\/\/www.slovokult-literatur.de\/index.php\/kunst\/gjorgje-jovanovic\/\"><strong>Gjorgje Jovanovi\u043a<\/strong><\/a><\/p>\n<p>Bis jetzt wurden seine Werke auf <strong>SlovoKult ::<\/strong> mit dem Text <strong>(Mazedonisch und Deutsch)<\/strong> :: von der gro\u00dfartigen deutschen Autorin::<\/p>\n<p><strong><a href=\"http:\/\/www.slovokult-literatur.de\/index.php\/aussage-gegen-ausdruck\/01-simone-kanter-gjorgje-jovanovik\/\">Simone Kanter<\/a>::\u00a0<\/strong><\/p>\n<p>ver\u00f6ffentlicht, die auf unserer Veranstaltung in <strong>Berlin<\/strong> lesen wird ::<\/p>\n<p>ja! zwei weitere gute Gr\u00fcnde, unser Festival zu besuchen!<\/p>\n<p>&nbsp;<\/p>\n<p style=\"text-align: center;\"><strong>12.08.2018<\/strong><\/p>\n<p><a href=\"http:\/\/www.slovokult-literatur.de\/wp-content\/uploads\/2018\/08\/Lukash-RichterL.jpg\"><img decoding=\"async\" loading=\"lazy\" class=\"alignleft wp-image-1539 size-medium\" src=\"http:\/\/www.slovokult-literatur.de\/wp-content\/uploads\/2018\/08\/Lukash-RichterL-176x300.jpg\" alt=\"\" width=\"176\" height=\"300\" srcset=\"https:\/\/www.slovokult-literatur.de\/wp-content\/uploads\/2018\/08\/Lukash-RichterL-176x300.jpg 176w, https:\/\/www.slovokult-literatur.de\/wp-content\/uploads\/2018\/08\/Lukash-RichterL-768x1306.jpg 768w, https:\/\/www.slovokult-literatur.de\/wp-content\/uploads\/2018\/08\/Lukash-RichterL-602x1024.jpg 602w, https:\/\/www.slovokult-literatur.de\/wp-content\/uploads\/2018\/08\/Lukash-RichterL-400x680.jpg 400w, https:\/\/www.slovokult-literatur.de\/wp-content\/uploads\/2018\/08\/Lukash-RichterL.jpg 882w\" sizes=\"(max-width: 176px) 100vw, 176px\" \/><\/a><\/p>\n<p>Werke von <a href=\"http:\/\/www.slovokult-literatur.de\/index.php\/kunst\/vladimir-lukash\/\" target=\"_blank\" rel=\"noopener\"><strong>Vladimir Lukash<\/strong><\/a> :: werden auf den Ausstellungen in allen drei St\u00e4dten pr\u00e4sentiert :: <strong>Gevgelija :: Skopje :: Berlin<\/strong><\/p>\n<p>Lukash ist auch ein gro\u00dfartiger Schriftsteller und wir werden seine Textarbeiten auch hier pr\u00e4sentieren:: Bei SlovoKult bisher::\u00a0Kurzprosa auf :: <strong><a href=\"http:\/\/www.slovokult-literatur.de\/index.php\/aussage-gegen-ausdruck\/02-vladimir-lukas-hanna-hennenkemper\/\" target=\"_blank\" rel=\"noopener\">Deutsch ::<\/a><\/strong><\/p>\n<p>::Sein Bild :: <strong>Richter<\/strong> :: wurde mit einem Gedicht von <a href=\"http:\/\/www.slovokult-literatur.de\/index.php\/lyrik\/aleksandar-kirkovski\/\" target=\"_blank\" rel=\"noopener\"><strong>Aleksandar Kirkovski<\/strong><\/a> ver\u00f6ffentlicht ::<\/p>\n<p>f\u00fcr jetzt nur auf :: <strong><a href=\"http:\/\/www.slovokult.eu\/index.php\/avtori\/poezija\/aleksandar-kirkovski\/aleksandar-kirkovski-vladimir-lukas\/\" target=\"_blank\" rel=\"noopener\">Mazedonisch::<\/a><\/strong><\/p>\n<p>&nbsp;<\/p>\n<p style=\"text-align: center;\"><strong>10.08.18<\/strong><\/p>\n<p style=\"text-align: center;\">Die Macht der Kunst w\u00e4re nichts ohne die Frauenpower darin.<\/p>\n<p><strong style=\"text-align: center;\"><a href=\"http:\/\/www.slovokult-literatur.de\/index.php\/lyrik\/d-a-lori\/klebrige-worte\/\"><img decoding=\"async\" loading=\"lazy\" class=\"alignleft wp-image-1503 size-medium\" src=\"http:\/\/www.slovokult-literatur.de\/wp-content\/uploads\/2018\/08\/SilviaLorenz_softcity_1web-216x300.jpg\" alt=\"\" width=\"216\" height=\"300\" srcset=\"https:\/\/www.slovokult-literatur.de\/wp-content\/uploads\/2018\/08\/SilviaLorenz_softcity_1web-216x300.jpg 216w, https:\/\/www.slovokult-literatur.de\/wp-content\/uploads\/2018\/08\/SilviaLorenz_softcity_1web-400x555.jpg 400w, https:\/\/www.slovokult-literatur.de\/wp-content\/uploads\/2018\/08\/SilviaLorenz_softcity_1web.jpg 700w\" sizes=\"(max-width: 216px) 100vw, 216px\" \/><\/a><\/strong><\/p>\n<p>Zwei gro\u00dfartige Frauen bereichern unser Festival in allen drei St\u00e4dten::\u00a0<strong>Gevgelija:: Skopje:: Berlin::<\/strong><\/p>\n<p style=\"text-align: left;\"><strong>Silvia Lorenz<\/strong> mit ihren Kunstwerken<\/p>\n<p style=\"text-align: left;\"><strong>D.A: Lori<\/strong> mit ihren Gedichten<\/p>\n<p>Bei <strong>SlovoKult:: Literatur\/a::<\/strong><\/p>\n<p><a href=\"http:\/\/www.slovokult-literatur.de\/index.php\/lyrik\/d-a-lori\/klebrige-worte\/\" target=\"_blank\" rel=\"noopener\"><strong>Klebrige Worte:: D.A. Lori<\/strong><\/a><\/p>\n<p><a href=\"http:\/\/www.slovokult-literatur.de\/index.php\/lyrik\/d-a-lori\/klebrige-worte\/\" target=\"_blank\" rel=\"noopener\"><strong>Soft Cities:: Silvia Lorenz<\/strong><\/a><\/p>\n<p>&nbsp;<\/p>\n<p>&nbsp;<\/p>\n<p style=\"text-align: center;\"><strong>08.08.18<\/strong><\/p>\n<h5 style=\"text-align: center;\">Wir freuen uns sehr auf James Din:: aka Alesandar Jestrovic::<\/h5>\n<p style=\"text-align: center;\">er wird \u00fcberall dabei sein:: <strong>Gevgelija:: Skopje:: Berlin::<\/strong><\/p>\n<p style=\"text-align: center;\">Bei uns ist er bisher vertreten mit einem Kunstwerk (siehe unten) zum\u00a0<a href=\"http:\/\/www.slovokult-literatur.de\/index.php\/gedicht-und-bild\/10-ljubomir-micic-jamesdin\/\"><strong>Gedicht von Ljubomir Micic::<\/strong><\/a><\/p>\n<h6 style=\"text-align: center;\">::Seine Arbeiten sind online hier:: <a href=\"https:\/\/jamesdin.wordpress.com\" target=\"_blank\" rel=\"noopener\">James Din:: <\/a><\/h6>\n<p><a href=\"http:\/\/www.slovokult-literatur.de\/wp-content\/uploads\/2018\/08\/the-exorcist.jpg\" target=\"_blank\" rel=\"noopener\"><img decoding=\"async\" loading=\"lazy\" class=\"aligncenter wp-image-1443 size-full\" src=\"http:\/\/www.slovokult-literatur.de\/wp-content\/uploads\/2018\/08\/the-exorcist.jpg\" alt=\"\" width=\"770\" height=\"538\" srcset=\"https:\/\/www.slovokult-literatur.de\/wp-content\/uploads\/2018\/08\/the-exorcist.jpg 770w, https:\/\/www.slovokult-literatur.de\/wp-content\/uploads\/2018\/08\/the-exorcist-300x210.jpg 300w, https:\/\/www.slovokult-literatur.de\/wp-content\/uploads\/2018\/08\/the-exorcist-768x537.jpg 768w, https:\/\/www.slovokult-literatur.de\/wp-content\/uploads\/2018\/08\/the-exorcist-400x279.jpg 400w\" sizes=\"(max-width: 770px) 100vw, 770px\" \/><\/a><\/p>\n<p style=\"text-align: center;\"><a href=\"http:\/\/www.slovokult-literatur.de\/index.php\/gedicht-und-bild\/10-ljubomir-micic-jamesdin\/\"><img decoding=\"async\" loading=\"lazy\" class=\"aligncenter wp-image-884 size-medium\" src=\"http:\/\/www.slovokult-literatur.de\/wp-content\/uploads\/2018\/05\/krticnjak-262x300.jpg\" alt=\"\" width=\"262\" height=\"300\" srcset=\"https:\/\/www.slovokult-literatur.de\/wp-content\/uploads\/2018\/05\/krticnjak-262x300.jpg 262w, https:\/\/www.slovokult-literatur.de\/wp-content\/uploads\/2018\/05\/krticnjak-400x458.jpg 400w, https:\/\/www.slovokult-literatur.de\/wp-content\/uploads\/2018\/05\/krticnjak.jpg 709w\" sizes=\"(max-width: 262px) 100vw, 262px\" \/><\/a><\/p>\n<p>&nbsp;<\/p>\n<p style=\"text-align: center;\"><strong>07.08.18<\/strong><\/p>\n<p>Wir haben unsere Kampagne in zwei geteilt, um eine einfachere M\u00f6glichkeit der Unterst\u00fctzung unseres Festivals zu gew\u00e4hren:: Sie k\u00f6nnen uns jetzt auch bei <strong>:<a href=\"https:\/\/www.kickstarter.com\/projects\/1810797802\/slovokult-literartour-gevgelija-skopje-berlin?ref=project_build#\">:KICKSTARTER::<\/a><\/strong> unterst\u00fctzen:: VIELEN DANK!<\/p>\n<p><iframe loading=\"lazy\" src=\"https:\/\/www.kickstarter.com\/projects\/1810797802\/slovokult-literartour-gevgelija-skopje-berlin\/widget\/video.html\" height=\"360.0\" width=\"640\" frameborder=\"0\" scrolling=\"no\"><\/iframe><\/p>\n<p style=\"text-align: center;\"><strong>06.08.18<\/strong><\/p>\n<p>Wir haben auch ein Video:: Musik von <strong>Bernays Propaganda &#8211; Lie to me, lie to me<\/strong>\u00a0:: was genau zu unserem Thema in diesem Jahr passt :: viel Spa\u00df!<\/p>\n<p><iframe loading=\"lazy\" src=\"https:\/\/player.vimeo.com\/video\/283344848?dnt=1&amp;app_id=122963\" width=\"640\" height=\"360\" frameborder=\"0\" allow=\"autoplay; fullscreen\" allowfullscreen title=\"SlovoKult:: literARTour\"><\/iframe><\/p>\n<p style=\"text-align: center;\"><strong>03.08.18<\/strong><\/p>\n<p style=\"text-align: center;\">Wir haben unser Plakat:: die Vorderseite:: Auf der anderen Seite wird es weitere Informationen geben:: Uhrzeit, Programm, Teilnehmer, Unterst\u00fctzer&#8230; Kunstwerk und Design::\u00a0<strong>Dijana Tomik Radevska<\/strong>::<\/p>\n<p>&nbsp;<\/p>\n<p><a href=\"http:\/\/www.slovokult-literatur.de\/wp-content\/uploads\/2018\/08\/Plakat_SK-literARTour-small.png\" target=\"_blank\" rel=\"noopener\"><img decoding=\"async\" loading=\"lazy\" class=\"wp-image-1309 size-medium aligncenter\" src=\"http:\/\/www.slovokult-literatur.de\/wp-content\/uploads\/2018\/08\/Plakat_SK-literARTour-small-219x300.png\" alt=\"\" width=\"219\" height=\"300\" srcset=\"https:\/\/www.slovokult-literatur.de\/wp-content\/uploads\/2018\/08\/Plakat_SK-literARTour-small-219x300.png 219w, https:\/\/www.slovokult-literatur.de\/wp-content\/uploads\/2018\/08\/Plakat_SK-literARTour-small-400x547.png 400w, https:\/\/www.slovokult-literatur.de\/wp-content\/uploads\/2018\/08\/Plakat_SK-literARTour-small.png 470w\" sizes=\"(max-width: 219px) 100vw, 219px\" \/><\/a><\/p>\n<p>&nbsp;<\/p>\n<p style=\"text-align: center;\"><strong>01.08.18<\/strong><\/p>\n<p><img decoding=\"async\" loading=\"lazy\" class=\"alignleft wp-image-1276 size-thumbnail\" src=\"http:\/\/www.slovokult-literatur.de\/wp-content\/uploads\/2018\/08\/Kasiopeja-Naumoska-spij-milo-spij-2015-90x90-Copy-150x150.jpg\" alt=\"\" width=\"150\" height=\"150\" srcset=\"https:\/\/www.slovokult-literatur.de\/wp-content\/uploads\/2018\/08\/Kasiopeja-Naumoska-spij-milo-spij-2015-90x90-Copy-150x150.jpg 150w, https:\/\/www.slovokult-literatur.de\/wp-content\/uploads\/2018\/08\/Kasiopeja-Naumoska-spij-milo-spij-2015-90x90-Copy-1014x1024.jpg 1014w, https:\/\/www.slovokult-literatur.de\/wp-content\/uploads\/2018\/08\/Kasiopeja-Naumoska-spij-milo-spij-2015-90x90-Copy-180x180.jpg 180w, https:\/\/www.slovokult-literatur.de\/wp-content\/uploads\/2018\/08\/Kasiopeja-Naumoska-spij-milo-spij-2015-90x90-Copy-300x300.jpg 300w, https:\/\/www.slovokult-literatur.de\/wp-content\/uploads\/2018\/08\/Kasiopeja-Naumoska-spij-milo-spij-2015-90x90-Copy-600x600.jpg 600w\" sizes=\"(max-width: 150px) 100vw, 150px\" \/><\/p>\n<p>Wir wissen nicht ob diese Mengen an Kunst vom Staat erlaubt sind:: aber es gibt kein Zur\u00fcck mehr:: <a href=\"http:\/\/www.slovokult-literatur.de\/index.php\/lyrik\/aleksandar-kirkovski\/\" target=\"_blank\" rel=\"noopener\"><strong>Aleksandar Kirkovskis <\/strong><\/a>Gedichte sind einfach gro\u00dfartig und eine gro\u00dfe Freude f\u00fcr uns:: Aleksandar ist live dabei in Gevgelija und in Skopje:: Genauso gro\u00dfe Freude f\u00fcr uns sind die gro\u00dfartigen Bilder von <strong>Kasiopeja Naumoska:: <\/strong>die bei den Ausstellungen in Mazedonien zu sehen werden:: \u00a0Hier ist ein Beitrag mit Werken von ihnen::\u00a0<a href=\"http:\/\/www.slovokult-literatur.de\/index.php\/gedicht-und-bild\/19-aleksandar-kirkovski\/\">::Aleksandar Kirkovski::Kasiopeja Naumoska::<\/a><\/p>\n<p>&nbsp;<\/p>\n<p style=\"text-align: center;\"><strong>30.07.18<\/strong><\/p>\n<p><img decoding=\"async\" loading=\"lazy\" class=\"alignleft wp-image-1232 size-medium\" src=\"http:\/\/www.slovokult-literatur.de\/wp-content\/uploads\/2018\/07\/Shulakovski_\u201e\u041d\u0435\u0431\u0435\u0441\u043d\u0438-\u0441\u043e\u0431\u0438\u0442\u0438\u0458\u0430\u201c-\u0430\u043a\u0440\u0438\u043b-\u043d\u0430-\u043f\u043b\u0430\u0442\u043d\u043e-70\u0441\u043c-\u0445-80\u0441\u043c-2016-\u0433\u043e\u0434-300x263.jpg\" alt=\"\" width=\"300\" height=\"263\" srcset=\"https:\/\/www.slovokult-literatur.de\/wp-content\/uploads\/2018\/07\/Shulakovski_\u201e\u041d\u0435\u0431\u0435\u0441\u043d\u0438-\u0441\u043e\u0431\u0438\u0442\u0438\u0458\u0430\u201c-\u0430\u043a\u0440\u0438\u043b-\u043d\u0430-\u043f\u043b\u0430\u0442\u043d\u043e-70\u0441\u043c-\u0445-80\u0441\u043c-2016-\u0433\u043e\u0434-300x263.jpg 300w, https:\/\/www.slovokult-literatur.de\/wp-content\/uploads\/2018\/07\/Shulakovski_\u201e\u041d\u0435\u0431\u0435\u0441\u043d\u0438-\u0441\u043e\u0431\u0438\u0442\u0438\u0458\u0430\u201c-\u0430\u043a\u0440\u0438\u043b-\u043d\u0430-\u043f\u043b\u0430\u0442\u043d\u043e-70\u0441\u043c-\u0445-80\u0441\u043c-2016-\u0433\u043e\u0434-768x674.jpg 768w, https:\/\/www.slovokult-literatur.de\/wp-content\/uploads\/2018\/07\/Shulakovski_\u201e\u041d\u0435\u0431\u0435\u0441\u043d\u0438-\u0441\u043e\u0431\u0438\u0442\u0438\u0458\u0430\u201c-\u0430\u043a\u0440\u0438\u043b-\u043d\u0430-\u043f\u043b\u0430\u0442\u043d\u043e-70\u0441\u043c-\u0445-80\u0441\u043c-2016-\u0433\u043e\u0434-1024x899.jpg 1024w, https:\/\/www.slovokult-literatur.de\/wp-content\/uploads\/2018\/07\/Shulakovski_\u201e\u041d\u0435\u0431\u0435\u0441\u043d\u0438-\u0441\u043e\u0431\u0438\u0442\u0438\u0458\u0430\u201c-\u0430\u043a\u0440\u0438\u043b-\u043d\u0430-\u043f\u043b\u0430\u0442\u043d\u043e-70\u0441\u043c-\u0445-80\u0441\u043c-2016-\u0433\u043e\u0434-400x351.jpg 400w, https:\/\/www.slovokult-literatur.de\/wp-content\/uploads\/2018\/07\/Shulakovski_\u201e\u041d\u0435\u0431\u0435\u0441\u043d\u0438-\u0441\u043e\u0431\u0438\u0442\u0438\u0458\u0430\u201c-\u0430\u043a\u0440\u0438\u043b-\u043d\u0430-\u043f\u043b\u0430\u0442\u043d\u043e-70\u0441\u043c-\u0445-80\u0441\u043c-2016-\u0433\u043e\u0434.jpg 1167w\" sizes=\"(max-width: 300px) 100vw, 300px\" \/><\/p>\n<p style=\"text-align: left;\">Zwei weitere gro\u00dfartige K\u00fcnstler, die wir bei unseren Veranstaltungen in Mazedonien dabei haben:: <strong>Ilija Djurovic aus Podgorica\/Berlin::<\/strong> Hier mit dem Gedicht <strong>K:: in drei Sprachen::<\/strong>\u00a0<strong><a href=\"http:\/\/www.slovokult-literatur.de\/index.php\/gedicht-und-bild\/18-ilija-djurovic\/\" target=\"_blank\" rel=\"noopener\">Ilija Djurovic:: K<\/a><\/strong><\/p>\n<p style=\"text-align: left;\">Und Werke f\u00fcr die Ausstellung von <strong>Toni Shulajkovski::<\/strong>\u00a0(das Bild hier)\u00a0<strong>Himmlische Begebenheiten:: 2016::\u00a0<\/strong>Er \u00a0war bei uns vom Anfang an vertreten, mit den Gedichten von <strong><a href=\"http:\/\/www.slovokult-literatur.de\/index.php\/lyrik\/crauss\/\" target=\"_blank\" rel=\"noopener\">Crauss.<\/a>::<\/strong><\/p>\n<p>Mehr \u00fcber <strong>Ilija Djurovic<\/strong>:: <strong><a href=\"https:\/\/german.traduki.eu\/index.php?option=com_content&amp;view=article&amp;id=2404:djurovic-ilija\" target=\"_blank\" rel=\"noopener\">bei traduki<\/a><\/strong><\/p>\n<h4 style=\"text-align: center;\"><\/h4>\n<p>&nbsp;<\/p>\n<p style=\"text-align: center;\"><strong>28.07.18 <\/strong><\/p>\n<p><a href=\"http:\/\/www.slovokult-literatur.de\/wp-content\/uploads\/2018\/07\/Kristijan-Krstevski.jpg\"><img decoding=\"async\" loading=\"lazy\" class=\"wp-image-1096 size-medium alignleft\" src=\"http:\/\/www.slovokult-literatur.de\/wp-content\/uploads\/2018\/07\/Kristijan-Krstevski-217x300.jpg\" alt=\"\" width=\"217\" height=\"300\" srcset=\"https:\/\/www.slovokult-literatur.de\/wp-content\/uploads\/2018\/07\/Kristijan-Krstevski-217x300.jpg 217w, https:\/\/www.slovokult-literatur.de\/wp-content\/uploads\/2018\/07\/Kristijan-Krstevski-400x553.jpg 400w, https:\/\/www.slovokult-literatur.de\/wp-content\/uploads\/2018\/07\/Kristijan-Krstevski.jpg 694w\" sizes=\"(max-width: 217px) 100vw, 217px\" \/><\/a><\/p>\n<p style=\"text-align: left;\">Einer der K\u00fcnstler unserer\u00a0Gruppenausstellung\u00a0in Gevgelija und in Skopje wird\u00a0<strong>Kristijan Krsteski\u00a0<\/strong>sein. Und hier ein weiteres Gedicht von Boshko Bozadzievski mit einem Kunstwerk von\u00a0Kristijan Krsteski,\u00a0der mit Bozadzievski auch befreundet war. Zugleich ist es die siebzehnte Kombination in der Rubrik\u00a0<a href=\"http:\/\/www.slovokult-literatur.de\/index.php\/gedicht-und-bild\/\">::Gedicht und Gebilde::<\/a><\/p>\n<p style=\"text-align: left;\"><a href=\"http:\/\/www.slovokult-literatur.de\/index.php\/gedicht-und-bild\/17-boshko-bozadzievski\/\">Deutsch:: An T. S. Eliot<\/a><\/p>\n<p style=\"text-align: left;\"><a href=\"http:\/\/www.slovokult.eu\/index.php\/avtori\/poezija\/boshko-bozadzievski-kristijan-krstevski\/na-t-s-eliot\/\" target=\"_blank\" rel=\"noopener\">::Mazedonsich::\u041c\u0430\u043a\u0435\u0434\u043e\u043d\u0441\u043a\u0438:: \u041d\u0430 \u0422.\u0421. \u0415\u043b\u0438\u043e\u0442<\/a><\/p>\n<p>&nbsp;<\/p>\n<p style=\"text-align: center;\"><strong><br \/>\n<\/strong><strong>27.07.18<\/strong><\/p>\n<p style=\"text-align: left;\">Das Bosh Festival, wo wir unsere Veranstaltungen beginnen, ist dem mazedonischen Dichter und Theaterschauspieler <strong>Boshko Bozadzievski<\/strong> gewidmet, der vor 10 Jahren gestorben ist:: dieses Jahr sind <strong>10 Jahre Bosh Festival<\/strong>:: In Gevgelija k\u00f6nnen Sie in diesem Jahr eine Sonderausstellung:: Ein Kopierladen der Liebe:: mit Werken von bildenden K\u00fcnstlern besuchen, die zu einem kurzen Gedicht von ihm entstanden sind. Als Teil unserer SlovoKult:: LiterARTour:: Veranstaltung lesen wir einige Gedichte von <strong>Boshko Bozadzievski<\/strong> :: hier ist das Gedicht <strong>Flugzeug-Vogel<\/strong> in drei Sprachen ::mit dem Kunstwerk von<\/p>\n<p style=\"text-align: left;\"><strong>Elizabeta Kostadinovska:: Au\u00dferirdischer St\u00f6rfaktor::<\/strong> Collage:: 2018<img decoding=\"async\" loading=\"lazy\" class=\"wp-image-1088 size-thumbnail alignleft\" style=\"text-align: center;\" src=\"http:\/\/www.slovokult-literatur.de\/wp-content\/uploads\/2018\/07\/E.L.K._Vonzemen-Voznemir-B.B.--150x150.jpg\" alt=\"\" width=\"150\" height=\"150\" srcset=\"https:\/\/www.slovokult-literatur.de\/wp-content\/uploads\/2018\/07\/E.L.K._Vonzemen-Voznemir-B.B.--150x150.jpg 150w, https:\/\/www.slovokult-literatur.de\/wp-content\/uploads\/2018\/07\/E.L.K._Vonzemen-Voznemir-B.B.--180x180.jpg 180w, https:\/\/www.slovokult-literatur.de\/wp-content\/uploads\/2018\/07\/E.L.K._Vonzemen-Voznemir-B.B.--300x300.jpg 300w, https:\/\/www.slovokult-literatur.de\/wp-content\/uploads\/2018\/07\/E.L.K._Vonzemen-Voznemir-B.B.--600x600.jpg 600w\" sizes=\"(max-width: 150px) 100vw, 150px\" \/><\/p>\n<p><a href=\"http:\/\/www.slovokult-literatur.de\/index.php\/lyrik\/boshko-bozadzievski\/flugzeug-vogel\/\">Deutsch<\/a><\/p>\n<p><a href=\"http:\/\/www.slovokult-literatur.de\/index.php\/lyrik\/boshko-bozadzievski\/flugzeug-vogel\/airplane-bird\/\">English<\/a><\/p>\n<p><a href=\"http:\/\/www.slovokult.eu\/index.php\/avtori\/poezija\/boshko-bozadzievski-kristijan-krstevski\/avion-ptica\/\">\u041c\u0430\u043a\u0435\u0434\u043e\u043d\u0441\u043a\u0438<\/a><\/p>\n<h5><\/h5>\n<p>&nbsp;<\/p>\n<p>&nbsp;<\/p>\n","protected":false},"excerpt":{"rendered":"<p>Wir danken f\u00fcr die Unterst\u00fctzung in Mazedonien (bisher):: Wenn Ihr das Festival unterst\u00fctzen m\u00f6chtet, schreibt uns:: info@slovokult.de Oder unterst\u00fctzt uns mit Spenden bei:: ::Go Fund Me:: SlovoKult:: literARTour:: Gevgelija:: Skopje:: Berlin:: 2018 ::English::\u00a0\u00a0::\u041c\u0430\u043a\u0435\u0434\u043e\u043d\u0441\u043a\u0438:: ist ein\u00a0kleines internationales Festival f\u00fcr Gegenwartskunst, -Text [&hellip;]<\/p>\n","protected":false},"author":1,"featured_media":1309,"parent":0,"menu_order":0,"comment_status":"closed","ping_status":"closed","template":"","meta":{"footnotes":""},"_links":{"self":[{"href":"https:\/\/www.slovokult-literatur.de\/index.php\/wp-json\/wp\/v2\/pages\/1079"}],"collection":[{"href":"https:\/\/www.slovokult-literatur.de\/index.php\/wp-json\/wp\/v2\/pages"}],"about":[{"href":"https:\/\/www.slovokult-literatur.de\/index.php\/wp-json\/wp\/v2\/types\/page"}],"author":[{"embeddable":true,"href":"https:\/\/www.slovokult-literatur.de\/index.php\/wp-json\/wp\/v2\/users\/1"}],"replies":[{"embeddable":true,"href":"https:\/\/www.slovokult-literatur.de\/index.php\/wp-json\/wp\/v2\/comments?post=1079"}],"version-history":[{"count":130,"href":"https:\/\/www.slovokult-literatur.de\/index.php\/wp-json\/wp\/v2\/pages\/1079\/revisions"}],"predecessor-version":[{"id":3423,"href":"https:\/\/www.slovokult-literatur.de\/index.php\/wp-json\/wp\/v2\/pages\/1079\/revisions\/3423"}],"wp:featuredmedia":[{"embeddable":true,"href":"https:\/\/www.slovokult-literatur.de\/index.php\/wp-json\/wp\/v2\/media\/1309"}],"wp:attachment":[{"href":"https:\/\/www.slovokult-literatur.de\/index.php\/wp-json\/wp\/v2\/media?parent=1079"}],"curies":[{"name":"wp","href":"https:\/\/api.w.org\/{rel}","templated":true}]}}